{"id":262,"date":"2016-07-12T09:02:44","date_gmt":"2016-07-12T09:02:44","guid":{"rendered":"https:\/\/www.saladalmau.com\/en\/?page_id=262"},"modified":"2016-10-25T11:09:34","modified_gmt":"2016-10-25T11:09:34","slug":"artists","status":"publish","type":"page","link":"https:\/\/www.saladalmau.com\/en\/artists\/","title":{"rendered":"Artists"},"content":{"rendered":"<section class=\"wpb-content-wrapper\"><p>[vc_row][vc_column][vc_column_text]\n\t\t<script> \n\n\t\tjQuery(\"#linea\").click(btnCategorias);\n\n\t\tfunction btnCategorias(){\n\n\t\t\tif(!jQuery('#listado_lineas').is(':visible'))\n\n\t\t\t{\n\n\t\t\t\tjQuery('#listado_lineas').show();\n\n\t\t\t}else{\n\n\t\t\t\tjQuery('#listado_lineas').hide();\n\n\t\t\t}\n\n\t\t\n\n\t\t}\n\n\t\t<\/script>\n\n\t\t<ul class=\"filter-list-top artistas\"><li id=\"ver_todos\" class=\"\"><a href=\"https:\/\/www.saladalmau.com\/artistas\/\">SEE ALL<\/a><\/li><li id=\"exp_CONSTRUCTIVISM\" class=\"cat-item cat-item-14\"><a href=\"https:\/\/www.saladalmau.com\/en\/artistas-categorias\/constructivismo-en\/\">CONSTRUCTIVISM<\/a><\/li><li id=\"exp_FIGURATION\" class=\"cat-item cat-item-14\"><a href=\"https:\/\/www.saladalmau.com\/en\/artistas-categorias\/nueva-figuracion-en\/\">FIGURATION<\/a><\/li><li id=\"exp_HISTORICAL VANGUARDS\" class=\"cat-item cat-item-14\"><a href=\"https:\/\/www.saladalmau.com\/en\/artistas-categorias\/vanguardias-historiques-en\/\">HISTORICAL VANGUARDS<\/a><\/li><li class=\"cat-item cat-item-14\"><form id=\"form_search\" action=\"https:\/\/www.saladalmau.com\/en\/artists\/\" method=\"post\"><input class=\"input_search\" name=\"buscar\" type=\"text\" placeholder=\"Buscar\" value=\"\"><\/form><\/li><\/ul><br\/> <script>\n\t\t\t\t\t\n\t\t\tfunction pressKey(e) {\n\t\t\t\tif (e.keyCode == 13) {\n\t\t\t\t\tvar tb = document.getElementById('form_search').submit();\n\t\t\t\t}\n\t\t\t}<\/script>[\/vc_column_text][\/vc_column][\/vc_row][vc_row][vc_column][vc_column_text]\t\t\t\t<article id=\"post-3019\" class=\"post-3019 artista type-artista status-publish has-post-thumbnail hentry artistas-categorias-vanguardias-historiques-en\"> \t\t\n\n\t\t\t\t<div class=\"exposicion-img\">      \t\n\t\t\t\t\t<a class=\"link_subtitle\" href=\"https:\/\/www.saladalmau.com\/en\/artist\/manuel-angeles-ortiz\/\" rel=\"bookmark\"><img width=\"768\" height=\"539\" src=\"https:\/\/www.saladalmau.com\/wp-content\/uploads\/2016\/09\/Manuel-Angeles-Ortiz-7818-sd-768x539.jpg\" class=\"attachment-medium_large size-medium_large wp-post-image\" alt=\"Obras de Manuel Angeles Ortiz artista de la escuela espa\u00f1ola de Par\u00eds\" decoding=\"async\" loading=\"lazy\" srcset=\"https:\/\/www.saladalmau.com\/wp-content\/uploads\/2016\/09\/Manuel-Angeles-Ortiz-7818-sd-768x539.jpg 768w, https:\/\/www.saladalmau.com\/wp-content\/uploads\/2016\/09\/Manuel-Angeles-Ortiz-7818-sd-300x210.jpg 300w, https:\/\/www.saladalmau.com\/wp-content\/uploads\/2016\/09\/Manuel-Angeles-Ortiz-7818-sd.jpg 800w\" sizes=\"(max-width: 768px) 100vw, 768px\" \/><\/a> \t\n                <!--script>\n\t\t\t\t\tsrc = jQuery('#post-3019 .exposicion-img img').attr('src');\n\t\t\t\t\tjQuery('<style>#post-3019 .exposicion-img::after{background-image:url('+src+')}<\/style>').appendTo('head');\n\t\t\t\t<\/script-->\n\t\t\t\t<\/div>\n\t\t\t\t<header class=\"entry-header\"> \t\t\t\n\t\t\t\t<h2 class=\"entry-title\"><a href=\"https:\/\/www.saladalmau.com\/en\/artist\/manuel-angeles-ortiz\/\" rel=\"bookmark\">Manuel Angeles Ortiz<\/a><\/h2><a class=\"link_subtitle\" href=\"https:\/\/www.saladalmau.com\/en\/artist\/manuel-angeles-ortiz\/\" rel=\"bookmark\"><span class=\"subtitulo\">Ja\u00e9n - Par\u00eds<\/span>  <span class=\"expo-fecha\"><strong><\/strong><\/span> <span class=\"nacimiento\"><strong>1895 - 1984<\/strong><\/span><\/a>\t\t\t\t   \n\t\t\t\t<\/header><!-- .entry-header --> \t \t\t\n\t\t\t\t<div class=\"entry-content\"> \t\t\t\n\t\t\t\t\n\t\t\t\t<\/div><!-- .entry-content --> \t \t\t\n\t\t\t\t \t \t\t\n\t\t\t\t\t<footer class=\"entry-footer\"> \t\t\t\n\t\t\t\t \t\n\t\t\t\t \t\t\n\t\t\t\t\t<\/footer><!-- .entry-footer --> \t \t\n\t\t\t\t<\/article><!-- #post-## -->\n\t\t\t\t\t\t\t\t<article id=\"post-2995\" class=\"post-2995 artista type-artista status-publish has-post-thumbnail hentry artistas-categorias-vanguardias-historiques-en\"> \t\t\n\n\t\t\t\t<div class=\"exposicion-img\">      \t\n\t\t\t\t\t<a class=\"link_subtitle\" href=\"https:\/\/www.saladalmau.com\/en\/artist\/jacint-salvado\/\" rel=\"bookmark\"><img width=\"720\" height=\"478\" src=\"https:\/\/www.saladalmau.com\/wp-content\/uploads\/2023\/06\/Jacint-Salvado-obra-geometrica-galeria-de-arte-sala-dalmau.jpg\" class=\"attachment-medium_large size-medium_large wp-post-image\" alt=\"Jacinto Salvad\u00f3 obra abstracta en la galer\u00eda de arte de Barcelona Sala Dalmau. Jacint Salvad\u00f3 obra a Barcelona\" decoding=\"async\" loading=\"lazy\" srcset=\"https:\/\/www.saladalmau.com\/wp-content\/uploads\/2023\/06\/Jacint-Salvado-obra-geometrica-galeria-de-arte-sala-dalmau.jpg 720w, https:\/\/www.saladalmau.com\/wp-content\/uploads\/2023\/06\/Jacint-Salvado-obra-geometrica-galeria-de-arte-sala-dalmau-150x100.jpg 150w, https:\/\/www.saladalmau.com\/wp-content\/uploads\/2023\/06\/Jacint-Salvado-obra-geometrica-galeria-de-arte-sala-dalmau-300x199.jpg 300w\" sizes=\"(max-width: 720px) 100vw, 720px\" \/><\/a> \t\n                <!--script>\n\t\t\t\t\tsrc = jQuery('#post-2995 .exposicion-img img').attr('src');\n\t\t\t\t\tjQuery('<style>#post-2995 .exposicion-img::after{background-image:url('+src+')}<\/style>').appendTo('head');\n\t\t\t\t<\/script-->\n\t\t\t\t<\/div>\n\t\t\t\t<header class=\"entry-header\"> \t\t\t\n\t\t\t\t<h2 class=\"entry-title\"><a href=\"https:\/\/www.saladalmau.com\/en\/artist\/jacint-salvado\/\" rel=\"bookmark\">Jacint Salvad\u00f3<\/a><\/h2><a class=\"link_subtitle\" href=\"https:\/\/www.saladalmau.com\/en\/artist\/jacint-salvado\/\" rel=\"bookmark\"><span class=\"subtitulo\">Tarragona \u2013 Marsella <\/span>  <span class=\"expo-fecha\"><strong><\/strong><\/span> <span class=\"nacimiento\"><strong>1892 - 1983<\/strong><\/span><\/a>\t\t\t\t   \n\t\t\t\t<\/header><!-- .entry-header --> \t \t\t\n\t\t\t\t<div class=\"entry-content\"> \t\t\t\n\t\t\t\t\n\t\t\t\t<\/div><!-- .entry-content --> \t \t\t\n\t\t\t\t \t \t\t\n\t\t\t\t\t<footer class=\"entry-footer\"> \t\t\t\n\t\t\t\t \t\n\t\t\t\t \t\t\n\t\t\t\t\t<\/footer><!-- .entry-footer --> \t \t\n\t\t\t\t<\/article><!-- #post-## -->\n\t\t\t\t\t\t\t\t<article id=\"post-3031\" class=\"post-3031 artista type-artista status-publish has-post-thumbnail hentry artistas-categorias-constructivismo-en\"> \t\t\n\n\t\t\t\t<div class=\"exposicion-img\">      \t\n\t\t\t\t\t<a class=\"link_subtitle\" href=\"https:\/\/www.saladalmau.com\/en\/artist\/joaquin-torres-garcia\/\" rel=\"bookmark\"><img width=\"720\" height=\"478\" src=\"https:\/\/www.saladalmau.com\/wp-content\/uploads\/2016\/09\/JOAQUIN-TORRES-GARCIA.jpg\" class=\"attachment-medium_large size-medium_large wp-post-image\" alt=\"Dibujo constructivo de Joaqu\u00edn Torres-Garc\u00eda\" decoding=\"async\" loading=\"lazy\" srcset=\"https:\/\/www.saladalmau.com\/wp-content\/uploads\/2016\/09\/JOAQUIN-TORRES-GARCIA.jpg 720w, https:\/\/www.saladalmau.com\/wp-content\/uploads\/2016\/09\/JOAQUIN-TORRES-GARCIA-300x199.jpg 300w\" sizes=\"(max-width: 720px) 100vw, 720px\" \/><\/a> \t\n                <!--script>\n\t\t\t\t\tsrc = jQuery('#post-3031 .exposicion-img img').attr('src');\n\t\t\t\t\tjQuery('<style>#post-3031 .exposicion-img::after{background-image:url('+src+')}<\/style>').appendTo('head');\n\t\t\t\t<\/script-->\n\t\t\t\t<\/div>\n\t\t\t\t<header class=\"entry-header\"> \t\t\t\n\t\t\t\t<h2 class=\"entry-title\"><a href=\"https:\/\/www.saladalmau.com\/en\/artist\/joaquin-torres-garcia\/\" rel=\"bookmark\">Joaqu\u00edn Torres-Garcia<\/a><\/h2><a class=\"link_subtitle\" href=\"https:\/\/www.saladalmau.com\/en\/artist\/joaquin-torres-garcia\/\" rel=\"bookmark\"><span class=\"subtitulo\">Montevideo <\/span>  <span class=\"expo-fecha\"><strong><\/strong><\/span> <span class=\"nacimiento\"><strong>1874 - 1949<\/strong><\/span><\/a>\t\t\t\t   \n\t\t\t\t<\/header><!-- .entry-header --> \t \t\t\n\t\t\t\t<div class=\"entry-content\"> \t\t\t\n\t\t\t\t\n\t\t\t\t<\/div><!-- .entry-content --> \t \t\t\n\t\t\t\t \t \t\t\n\t\t\t\t\t<footer class=\"entry-footer\"> \t\t\t\n\t\t\t\t \t\n\t\t\t\t \t\t\n\t\t\t\t\t<\/footer><!-- .entry-footer --> \t \t\n\t\t\t\t<\/article><!-- #post-## -->\n\t\t\t\t\t\t\t\t<article id=\"post-8805\" class=\"post-8805 artista type-artista status-publish has-post-thumbnail hentry\"> \t\t\n\n\t\t\t\t<div class=\"exposicion-img\">      \t\n\t\t\t\t\t<a class=\"link_subtitle\" href=\"https:\/\/www.saladalmau.com\/en\/artist\/miguel-villarino\/\" rel=\"bookmark\"><img width=\"768\" height=\"768\" src=\"https:\/\/www.saladalmau.com\/wp-content\/uploads\/2023\/01\/Miguel-Villarino-9127-sd--768x768.jpg\" class=\"attachment-medium_large size-medium_large wp-post-image\" alt=\"Obra del pintor Miguel Villarino ganador del premio BMW de pintura\" decoding=\"async\" loading=\"lazy\" srcset=\"https:\/\/www.saladalmau.com\/wp-content\/uploads\/2023\/01\/Miguel-Villarino-9127-sd--768x768.jpg 768w, https:\/\/www.saladalmau.com\/wp-content\/uploads\/2023\/01\/Miguel-Villarino-9127-sd--150x150.jpg 150w, https:\/\/www.saladalmau.com\/wp-content\/uploads\/2023\/01\/Miguel-Villarino-9127-sd--300x300.jpg 300w, https:\/\/www.saladalmau.com\/wp-content\/uploads\/2023\/01\/Miguel-Villarino-9127-sd--550x550.jpg 550w, https:\/\/www.saladalmau.com\/wp-content\/uploads\/2023\/01\/Miguel-Villarino-9127-sd-.jpg 800w\" sizes=\"(max-width: 768px) 100vw, 768px\" \/><\/a> \t\n                <!--script>\n\t\t\t\t\tsrc = jQuery('#post-8805 .exposicion-img img').attr('src');\n\t\t\t\t\tjQuery('<style>#post-8805 .exposicion-img::after{background-image:url('+src+')}<\/style>').appendTo('head');\n\t\t\t\t<\/script-->\n\t\t\t\t<\/div>\n\t\t\t\t<header class=\"entry-header\"> \t\t\t\n\t\t\t\t<h2 class=\"entry-title\"><a href=\"https:\/\/www.saladalmau.com\/en\/artist\/miguel-villarino\/\" rel=\"bookmark\">Miguel Villarino<\/a><\/h2><a class=\"link_subtitle\" href=\"https:\/\/www.saladalmau.com\/en\/artist\/miguel-villarino\/\" rel=\"bookmark\"><span class=\"subtitulo\">Morales del Rey, Zamora, Spain<\/span>  <span class=\"expo-fecha\"><strong><\/strong><\/span> <span class=\"nacimiento\"><strong>1959<\/strong><\/span><\/a>\t\t\t\t   \n\t\t\t\t<\/header><!-- .entry-header --> \t \t\t\n\t\t\t\t<div class=\"entry-content\"> \t\t\t\n\t\t\t\t\n\t\t\t\t<\/div><!-- .entry-content --> \t \t\t\n\t\t\t\t \t \t\t\n\t\t\t\t\t<footer class=\"entry-footer\"> \t\t\t\n\t\t\t\t \t\n\t\t\t\t \t\t\n\t\t\t\t\t<\/footer><!-- .entry-footer --> \t \t\n\t\t\t\t<\/article><!-- #post-## -->\n\t\t\t\t\t\t\t\t<article id=\"post-3078\" class=\"post-3078 artista type-artista status-publish has-post-thumbnail hentry artistas-categorias-vanguardias-historiques-en\"> \t\t\n\n\t\t\t\t<div class=\"exposicion-img\">      \t\n\t\t\t\t\t<a class=\"link_subtitle\" href=\"https:\/\/www.saladalmau.com\/en\/artist\/j-fin\/\" rel=\"bookmark\"><img width=\"768\" height=\"786\" src=\"https:\/\/www.saladalmau.com\/wp-content\/uploads\/2016\/09\/5212-g-768x786.jpg\" class=\"attachment-medium_large size-medium_large wp-post-image\" alt=\"Work by Jos\u00e9 Vilat\u00f3 Ruiz\" decoding=\"async\" loading=\"lazy\" srcset=\"https:\/\/www.saladalmau.com\/wp-content\/uploads\/2016\/09\/5212-g-768x786.jpg 768w, https:\/\/www.saladalmau.com\/wp-content\/uploads\/2016\/09\/5212-g-293x300.jpg 293w, https:\/\/www.saladalmau.com\/wp-content\/uploads\/2016\/09\/5212-g.jpg 782w\" sizes=\"(max-width: 768px) 100vw, 768px\" \/><\/a> \t\n                <!--script>\n\t\t\t\t\tsrc = jQuery('#post-3078 .exposicion-img img').attr('src');\n\t\t\t\t\tjQuery('<style>#post-3078 .exposicion-img::after{background-image:url('+src+')}<\/style>').appendTo('head');\n\t\t\t\t<\/script-->\n\t\t\t\t<\/div>\n\t\t\t\t<header class=\"entry-header\"> \t\t\t\n\t\t\t\t<h2 class=\"entry-title\"><a href=\"https:\/\/www.saladalmau.com\/en\/artist\/j-fin\/\" rel=\"bookmark\">J.F\u00edn<\/a><\/h2><a class=\"link_subtitle\" href=\"https:\/\/www.saladalmau.com\/en\/artist\/j-fin\/\" rel=\"bookmark\"><span class=\"subtitulo\">Barcelona - Par\u00eds<\/span>  <span class=\"expo-fecha\"><strong><\/strong><\/span> <span class=\"nacimiento\"><strong>1916 - 1969<\/strong><\/span><\/a>\t\t\t\t   \n\t\t\t\t<\/header><!-- .entry-header --> \t \t\t\n\t\t\t\t<div class=\"entry-content\"> \t\t\t\n\t\t\t\t\n\t\t\t\t<\/div><!-- .entry-content --> \t \t\t\n\t\t\t\t \t \t\t\n\t\t\t\t\t<footer class=\"entry-footer\"> \t\t\t\n\t\t\t\t \t\n\t\t\t\t \t\t\n\t\t\t\t\t<\/footer><!-- .entry-footer --> \t \t\n\t\t\t\t<\/article><!-- #post-## -->\n\t\t\t\t\t\t\t\t<article id=\"post-8317\" class=\"post-8317 artista type-artista status-publish has-post-thumbnail hentry\"> \t\t\n\n\t\t\t\t<div class=\"exposicion-img\">      \t\n\t\t\t\t\t<a class=\"link_subtitle\" href=\"https:\/\/www.saladalmau.com\/en\/artist\/jose-luis-zumeta\/\" rel=\"bookmark\"><img width=\"720\" height=\"478\" src=\"https:\/\/www.saladalmau.com\/wp-content\/uploads\/2023\/06\/Jose-Luis-Zumeta-portada-sala-dalmau.jpg\" class=\"attachment-medium_large size-medium_large wp-post-image\" alt=\"Obra del pintor vasco Jose Luis Zumeta\" decoding=\"async\" loading=\"lazy\" srcset=\"https:\/\/www.saladalmau.com\/wp-content\/uploads\/2023\/06\/Jose-Luis-Zumeta-portada-sala-dalmau.jpg 720w, https:\/\/www.saladalmau.com\/wp-content\/uploads\/2023\/06\/Jose-Luis-Zumeta-portada-sala-dalmau-150x100.jpg 150w, https:\/\/www.saladalmau.com\/wp-content\/uploads\/2023\/06\/Jose-Luis-Zumeta-portada-sala-dalmau-300x199.jpg 300w\" sizes=\"(max-width: 720px) 100vw, 720px\" \/><\/a> \t\n                <!--script>\n\t\t\t\t\tsrc = jQuery('#post-8317 .exposicion-img img').attr('src');\n\t\t\t\t\tjQuery('<style>#post-8317 .exposicion-img::after{background-image:url('+src+')}<\/style>').appendTo('head');\n\t\t\t\t<\/script-->\n\t\t\t\t<\/div>\n\t\t\t\t<header class=\"entry-header\"> \t\t\t\n\t\t\t\t<h2 class=\"entry-title\"><a href=\"https:\/\/www.saladalmau.com\/en\/artist\/jose-luis-zumeta\/\" rel=\"bookmark\">Jose Luis Zumeta<\/a><\/h2><a class=\"link_subtitle\" href=\"https:\/\/www.saladalmau.com\/en\/artist\/jose-luis-zumeta\/\" rel=\"bookmark\"><span class=\"subtitulo\">Us\u00farbil, Guipuzkoa.<\/span>  <span class=\"expo-fecha\"><strong><\/strong><\/span> <span class=\"nacimiento\"><strong>1904 - 1993<\/strong><\/span><\/a>\t\t\t\t   \n\t\t\t\t<\/header><!-- .entry-header --> \t \t\t\n\t\t\t\t<div class=\"entry-content\"> \t\t\t\n\t\t\t\t\n\t\t\t\t<\/div><!-- .entry-content --> \t \t\t\n\t\t\t\t \t \t\t\n\t\t\t\t\t<footer class=\"entry-footer\"> \t\t\t\n\t\t\t\t \t\n\t\t\t\t \t\t\n\t\t\t\t\t<\/footer><!-- .entry-footer --> \t \t\n\t\t\t\t<\/article><!-- #post-## -->\n\t\t\t\t\t\t\t\t<article id=\"post-2976\" class=\"post-2976 artista type-artista status-publish has-post-thumbnail hentry artistas-categorias-constructivismo-en\"> \t\t\n\n\t\t\t\t<div class=\"exposicion-img\">      \t\n\t\t\t\t\t<a class=\"link_subtitle\" href=\"https:\/\/www.saladalmau.com\/en\/artist\/alceu-ribeiro\/\" rel=\"bookmark\"><img width=\"720\" height=\"478\" src=\"https:\/\/www.saladalmau.com\/wp-content\/uploads\/2023\/06\/Alceu-Ribeiro-art-gallery-in-barcelona-sala-dalmau.jpg\" class=\"attachment-medium_large size-medium_large wp-post-image\" alt=\"Obra del pintor Alceu Ribeiro.\nWork by the painter Alceu Ribeiro\" decoding=\"async\" loading=\"lazy\" srcset=\"https:\/\/www.saladalmau.com\/wp-content\/uploads\/2023\/06\/Alceu-Ribeiro-art-gallery-in-barcelona-sala-dalmau.jpg 720w, https:\/\/www.saladalmau.com\/wp-content\/uploads\/2023\/06\/Alceu-Ribeiro-art-gallery-in-barcelona-sala-dalmau-150x100.jpg 150w, https:\/\/www.saladalmau.com\/wp-content\/uploads\/2023\/06\/Alceu-Ribeiro-art-gallery-in-barcelona-sala-dalmau-300x199.jpg 300w\" sizes=\"(max-width: 720px) 100vw, 720px\" \/><\/a> \t\n                <!--script>\n\t\t\t\t\tsrc = jQuery('#post-2976 .exposicion-img img').attr('src');\n\t\t\t\t\tjQuery('<style>#post-2976 .exposicion-img::after{background-image:url('+src+')}<\/style>').appendTo('head');\n\t\t\t\t<\/script-->\n\t\t\t\t<\/div>\n\t\t\t\t<header class=\"entry-header\"> \t\t\t\n\t\t\t\t<h2 class=\"entry-title\"><a href=\"https:\/\/www.saladalmau.com\/en\/artist\/alceu-ribeiro\/\" rel=\"bookmark\">Alceu Ribeiro<\/a><\/h2><a class=\"link_subtitle\" href=\"https:\/\/www.saladalmau.com\/en\/artist\/alceu-ribeiro\/\" rel=\"bookmark\"><span class=\"subtitulo\">Artigas (Uruguay) - Palma de Mallorca<\/span>  <span class=\"expo-fecha\"><strong><\/strong><\/span> <span class=\"nacimiento\"><strong>1919 -  2013<\/strong><\/span><\/a>\t\t\t\t   \n\t\t\t\t<\/header><!-- .entry-header --> \t \t\t\n\t\t\t\t<div class=\"entry-content\"> \t\t\t\n\t\t\t\t\n\t\t\t\t<\/div><!-- .entry-content --> \t \t\t\n\t\t\t\t \t \t\t\n\t\t\t\t\t<footer class=\"entry-footer\"> \t\t\t\n\t\t\t\t \t\n\t\t\t\t \t\t\n\t\t\t\t\t<\/footer><!-- .entry-footer --> \t \t\n\t\t\t\t<\/article><!-- #post-## -->\n\t\t\t\t\t\t\t\t<article id=\"post-5052\" class=\"post-5052 artista type-artista status-publish has-post-thumbnail hentry artistas-categorias-constructivismo-en\"> \t\t\n\n\t\t\t\t<div class=\"exposicion-img\">      \t\n\t\t\t\t\t<a class=\"link_subtitle\" href=\"https:\/\/www.saladalmau.com\/en\/artist\/juan-de-andres\/\" rel=\"bookmark\"><img width=\"692\" height=\"627\" src=\"https:\/\/www.saladalmau.com\/wp-content\/uploads\/2022\/10\/Juan-de-Andres-in-Barelona-9114-sd.jpg\" class=\"attachment-medium_large size-medium_large wp-post-image\" alt=\"Juan de Andr\u00e9s, ganador del premioFigari2022, presenta sus obras en madera en Barcelona\" decoding=\"async\" loading=\"lazy\" srcset=\"https:\/\/www.saladalmau.com\/wp-content\/uploads\/2022\/10\/Juan-de-Andres-in-Barelona-9114-sd.jpg 692w, https:\/\/www.saladalmau.com\/wp-content\/uploads\/2022\/10\/Juan-de-Andres-in-Barelona-9114-sd-150x136.jpg 150w, https:\/\/www.saladalmau.com\/wp-content\/uploads\/2022\/10\/Juan-de-Andres-in-Barelona-9114-sd-300x272.jpg 300w\" sizes=\"(max-width: 692px) 100vw, 692px\" \/><\/a> \t\n                <!--script>\n\t\t\t\t\tsrc = jQuery('#post-5052 .exposicion-img img').attr('src');\n\t\t\t\t\tjQuery('<style>#post-5052 .exposicion-img::after{background-image:url('+src+')}<\/style>').appendTo('head');\n\t\t\t\t<\/script-->\n\t\t\t\t<\/div>\n\t\t\t\t<header class=\"entry-header\"> \t\t\t\n\t\t\t\t<h2 class=\"entry-title\"><a href=\"https:\/\/www.saladalmau.com\/en\/artist\/juan-de-andres\/\" rel=\"bookmark\">Juan de Andr\u00e9s<\/a><\/h2><a class=\"link_subtitle\" href=\"https:\/\/www.saladalmau.com\/en\/artist\/juan-de-andres\/\" rel=\"bookmark\"><span class=\"subtitulo\">Ar\u00e9valo, Uruguay<\/span>  <span class=\"expo-fecha\"><strong><\/strong><\/span> <span class=\"nacimiento\"><strong>1941<\/strong><\/span><\/a>\t\t\t\t   \n\t\t\t\t<\/header><!-- .entry-header --> \t \t\t\n\t\t\t\t<div class=\"entry-content\"> \t\t\t\n\t\t\t\t\n\t\t\t\t<\/div><!-- .entry-content --> \t \t\t\n\t\t\t\t \t \t\t\n\t\t\t\t\t<footer class=\"entry-footer\"> \t\t\t\n\t\t\t\t \t\n\t\t\t\t \t\t\n\t\t\t\t\t<\/footer><!-- .entry-footer --> \t \t\n\t\t\t\t<\/article><!-- #post-## -->\n\t\t\t\t\t\t\t\t<article id=\"post-3055\" class=\"post-3055 artista type-artista status-publish has-post-thumbnail hentry artistas-categorias-nueva-figuracion-en\"> \t\t\n\n\t\t\t\t<div class=\"exposicion-img\">      \t\n\t\t\t\t\t<a class=\"link_subtitle\" href=\"https:\/\/www.saladalmau.com\/en\/artist\/jorge-gay\/\" rel=\"bookmark\"><img width=\"768\" height=\"1098\" src=\"https:\/\/www.saladalmau.com\/wp-content\/uploads\/2023\/06\/Jorge-Gay-works-at-art-gallery-in-Barcelona-Sala-Dalmau-9198-sd--768x1098.jpg\" class=\"attachment-medium_large size-medium_large wp-post-image\" alt=\"Jorge Gay en la Sala Dalmau\" decoding=\"async\" loading=\"lazy\" srcset=\"https:\/\/www.saladalmau.com\/wp-content\/uploads\/2023\/06\/Jorge-Gay-works-at-art-gallery-in-Barcelona-Sala-Dalmau-9198-sd--768x1098.jpg 768w, https:\/\/www.saladalmau.com\/wp-content\/uploads\/2023\/06\/Jorge-Gay-works-at-art-gallery-in-Barcelona-Sala-Dalmau-9198-sd--105x150.jpg 105w, https:\/\/www.saladalmau.com\/wp-content\/uploads\/2023\/06\/Jorge-Gay-works-at-art-gallery-in-Barcelona-Sala-Dalmau-9198-sd--210x300.jpg 210w, https:\/\/www.saladalmau.com\/wp-content\/uploads\/2023\/06\/Jorge-Gay-works-at-art-gallery-in-Barcelona-Sala-Dalmau-9198-sd--716x1024.jpg 716w, https:\/\/www.saladalmau.com\/wp-content\/uploads\/2023\/06\/Jorge-Gay-works-at-art-gallery-in-Barcelona-Sala-Dalmau-9198-sd-.jpg 849w\" sizes=\"(max-width: 768px) 100vw, 768px\" \/><\/a> \t\n                <!--script>\n\t\t\t\t\tsrc = jQuery('#post-3055 .exposicion-img img').attr('src');\n\t\t\t\t\tjQuery('<style>#post-3055 .exposicion-img::after{background-image:url('+src+')}<\/style>').appendTo('head');\n\t\t\t\t<\/script-->\n\t\t\t\t<\/div>\n\t\t\t\t<header class=\"entry-header\"> \t\t\t\n\t\t\t\t<h2 class=\"entry-title\"><a href=\"https:\/\/www.saladalmau.com\/en\/artist\/jorge-gay\/\" rel=\"bookmark\">Jorge Gay<\/a><\/h2><a class=\"link_subtitle\" href=\"https:\/\/www.saladalmau.com\/en\/artist\/jorge-gay\/\" rel=\"bookmark\"><span class=\"subtitulo\">Zaragoza<\/span>  <span class=\"expo-fecha\"><strong><\/strong><\/span> <span class=\"nacimiento\"><strong>1950<\/strong><\/span><\/a>\t\t\t\t   \n\t\t\t\t<\/header><!-- .entry-header --> \t \t\t\n\t\t\t\t<div class=\"entry-content\"> \t\t\t\n\t\t\t\t\n\t\t\t\t<\/div><!-- .entry-content --> \t \t\t\n\t\t\t\t \t \t\t\n\t\t\t\t\t<footer class=\"entry-footer\"> \t\t\t\n\t\t\t\t \t\n\t\t\t\t \t\t\n\t\t\t\t\t<\/footer><!-- .entry-footer --> \t \t\n\t\t\t\t<\/article><!-- #post-## -->\n\t\t\t\t\t\t\t\t<article id=\"post-34616\" class=\"hidden post-34616 artista type-artista status-publish has-post-thumbnail hentry\"> \t\t\n\n\t\t\t\t<div class=\"exposicion-img\">      \t\n\t\t\t\t\t<a class=\"link_subtitle\" href=\"https:\/\/www.saladalmau.com\/en\/artist\/eduardo-vega-de-seoane\/\" rel=\"bookmark\"><img width=\"768\" height=\"542\" src=\"https:\/\/www.saladalmau.com\/wp-content\/uploads\/2023\/06\/Eduardo-Vega-de-Seoane-abstract-art-in-Barcelona-9168-sd-768x542.jpg\" class=\"attachment-medium_large size-medium_large wp-post-image\" alt=\"Obra de Eduardo Vega de Seoane\" decoding=\"async\" loading=\"lazy\" srcset=\"https:\/\/www.saladalmau.com\/wp-content\/uploads\/2023\/06\/Eduardo-Vega-de-Seoane-abstract-art-in-Barcelona-9168-sd-768x542.jpg 768w, https:\/\/www.saladalmau.com\/wp-content\/uploads\/2023\/06\/Eduardo-Vega-de-Seoane-abstract-art-in-Barcelona-9168-sd-150x106.jpg 150w, https:\/\/www.saladalmau.com\/wp-content\/uploads\/2023\/06\/Eduardo-Vega-de-Seoane-abstract-art-in-Barcelona-9168-sd-300x212.jpg 300w, https:\/\/www.saladalmau.com\/wp-content\/uploads\/2023\/06\/Eduardo-Vega-de-Seoane-abstract-art-in-Barcelona-9168-sd.jpg 821w\" sizes=\"(max-width: 768px) 100vw, 768px\" \/><\/a> \t\n                <!--script>\n\t\t\t\t\tsrc = jQuery('#post-34616 .exposicion-img img').attr('src');\n\t\t\t\t\tjQuery('<style>#post-34616 .exposicion-img::after{background-image:url('+src+')}<\/style>').appendTo('head');\n\t\t\t\t<\/script-->\n\t\t\t\t<\/div>\n\t\t\t\t<header class=\"entry-header\"> \t\t\t\n\t\t\t\t<h2 class=\"entry-title\"><a href=\"https:\/\/www.saladalmau.com\/en\/artist\/eduardo-vega-de-seoane\/\" rel=\"bookmark\">Eduardo Vega de Seoane<\/a><\/h2><a class=\"link_subtitle\" href=\"https:\/\/www.saladalmau.com\/en\/artist\/eduardo-vega-de-seoane\/\" rel=\"bookmark\"><span class=\"subtitulo\">Madrid<\/span>  <span class=\"expo-fecha\"><strong><\/strong><\/span> <span class=\"nacimiento\"><strong>1955<\/strong><\/span><\/a>\t\t\t\t   \n\t\t\t\t<\/header><!-- .entry-header --> \t \t\t\n\t\t\t\t<div class=\"entry-content\"> \t\t\t\n\t\t\t\t\n\t\t\t\t<\/div><!-- .entry-content --> \t \t\t\n\t\t\t\t \t \t\t\n\t\t\t\t\t<footer class=\"entry-footer\"> \t\t\t\n\t\t\t\t \t\n\t\t\t\t \t\t\n\t\t\t\t\t<\/footer><!-- .entry-footer --> \t \t\n\t\t\t\t<\/article><!-- #post-## -->\n\t\t\t\t\t\t\t\t<article id=\"post-9343\" class=\"hidden post-9343 artista type-artista status-publish has-post-thumbnail hentry\"> \t\t\n\n\t\t\t\t<div class=\"exposicion-img\">      \t\n\t\t\t\t\t<a class=\"link_subtitle\" href=\"https:\/\/www.saladalmau.com\/en\/artist\/jose-luis-aguilo\/\" rel=\"bookmark\"><img width=\"720\" height=\"478\" src=\"https:\/\/www.saladalmau.com\/wp-content\/uploads\/2023\/06\/Jose-Luis-Aguilo-gouache-sobre-papel-realizado-en-2023.jpg\" class=\"attachment-medium_large size-medium_large wp-post-image\" alt=\"\" decoding=\"async\" loading=\"lazy\" srcset=\"https:\/\/www.saladalmau.com\/wp-content\/uploads\/2023\/06\/Jose-Luis-Aguilo-gouache-sobre-papel-realizado-en-2023.jpg 720w, https:\/\/www.saladalmau.com\/wp-content\/uploads\/2023\/06\/Jose-Luis-Aguilo-gouache-sobre-papel-realizado-en-2023-150x100.jpg 150w, https:\/\/www.saladalmau.com\/wp-content\/uploads\/2023\/06\/Jose-Luis-Aguilo-gouache-sobre-papel-realizado-en-2023-300x199.jpg 300w\" sizes=\"(max-width: 720px) 100vw, 720px\" \/><\/a> \t\n                <!--script>\n\t\t\t\t\tsrc = jQuery('#post-9343 .exposicion-img img').attr('src');\n\t\t\t\t\tjQuery('<style>#post-9343 .exposicion-img::after{background-image:url('+src+')}<\/style>').appendTo('head');\n\t\t\t\t<\/script-->\n\t\t\t\t<\/div>\n\t\t\t\t<header class=\"entry-header\"> \t\t\t\n\t\t\t\t<h2 class=\"entry-title\"><a href=\"https:\/\/www.saladalmau.com\/en\/artist\/jose-luis-aguilo\/\" rel=\"bookmark\">Jos\u00e9 Luis Aguil\u00f3<\/a><\/h2><a class=\"link_subtitle\" href=\"https:\/\/www.saladalmau.com\/en\/artist\/jose-luis-aguilo\/\" rel=\"bookmark\"><span class=\"subtitulo\">Barcelona<\/span>  <span class=\"expo-fecha\"><strong><\/strong><\/span> <span class=\"nacimiento\"><strong>1956<\/strong><\/span><\/a>\t\t\t\t   \n\t\t\t\t<\/header><!-- .entry-header --> \t \t\t\n\t\t\t\t<div class=\"entry-content\"> \t\t\t\n\t\t\t\t\n\t\t\t\t<\/div><!-- .entry-content --> \t \t\t\n\t\t\t\t \t \t\t\n\t\t\t\t\t<footer class=\"entry-footer\"> \t\t\t\n\t\t\t\t \t\n\t\t\t\t \t\t\n\t\t\t\t\t<\/footer><!-- .entry-footer --> \t \t\n\t\t\t\t<\/article><!-- #post-## -->\n\t\t\t\t\t\t\t\t<article id=\"post-3013\" class=\"hidden post-3013 artista type-artista status-publish has-post-thumbnail hentry artistas-categorias-nueva-figuracion-en\"> \t\t\n\n\t\t\t\t<div class=\"exposicion-img\">      \t\n\t\t\t\t\t<a class=\"link_subtitle\" href=\"https:\/\/www.saladalmau.com\/en\/artist\/jordi-amagat\/\" rel=\"bookmark\"><img width=\"768\" height=\"1038\" src=\"https:\/\/www.saladalmau.com\/wp-content\/uploads\/2021\/02\/Jordi-Amagat-8988-sd--768x1038.jpg\" class=\"attachment-medium_large size-medium_large wp-post-image\" alt=\"Obra del pintor Jordi Amagat. Work by painter Jordi Amagat\" decoding=\"async\" loading=\"lazy\" srcset=\"https:\/\/www.saladalmau.com\/wp-content\/uploads\/2021\/02\/Jordi-Amagat-8988-sd--768x1038.jpg 768w, https:\/\/www.saladalmau.com\/wp-content\/uploads\/2021\/02\/Jordi-Amagat-8988-sd--111x150.jpg 111w, https:\/\/www.saladalmau.com\/wp-content\/uploads\/2021\/02\/Jordi-Amagat-8988-sd--222x300.jpg 222w, https:\/\/www.saladalmau.com\/wp-content\/uploads\/2021\/02\/Jordi-Amagat-8988-sd--758x1024.jpg 758w, https:\/\/www.saladalmau.com\/wp-content\/uploads\/2021\/02\/Jordi-Amagat-8988-sd--1100x1487.jpg 1100w, https:\/\/www.saladalmau.com\/wp-content\/uploads\/2021\/02\/Jordi-Amagat-8988-sd-.jpg 1447w\" sizes=\"(max-width: 768px) 100vw, 768px\" \/><\/a> \t\n                <!--script>\n\t\t\t\t\tsrc = jQuery('#post-3013 .exposicion-img img').attr('src');\n\t\t\t\t\tjQuery('<style>#post-3013 .exposicion-img::after{background-image:url('+src+')}<\/style>').appendTo('head');\n\t\t\t\t<\/script-->\n\t\t\t\t<\/div>\n\t\t\t\t<header class=\"entry-header\"> \t\t\t\n\t\t\t\t<h2 class=\"entry-title\"><a href=\"https:\/\/www.saladalmau.com\/en\/artist\/jordi-amagat\/\" rel=\"bookmark\">Jordi Amagat<\/a><\/h2><a class=\"link_subtitle\" href=\"https:\/\/www.saladalmau.com\/en\/artist\/jordi-amagat\/\" rel=\"bookmark\"><span class=\"subtitulo\">Girona (Les Planes)<\/span>  <span class=\"expo-fecha\"><strong><\/strong><\/span> <span class=\"nacimiento\"><strong>1956<\/strong><\/span><\/a>\t\t\t\t   \n\t\t\t\t<\/header><!-- .entry-header --> \t \t\t\n\t\t\t\t<div class=\"entry-content\"> \t\t\t\n\t\t\t\t\n\t\t\t\t<\/div><!-- .entry-content --> \t \t\t\n\t\t\t\t \t \t\t\n\t\t\t\t\t<footer class=\"entry-footer\"> \t\t\t\n\t\t\t\t \t\n\t\t\t\t \t\t\n\t\t\t\t\t<\/footer><!-- .entry-footer --> \t \t\n\t\t\t\t<\/article><!-- #post-## -->\n\t\t\t\t\t\t\t\t<article id=\"post-3050\" class=\"hidden post-3050 artista type-artista status-publish has-post-thumbnail hentry artistas-categorias-nueva-figuracion-en\"> \t\t\n\n\t\t\t\t<div class=\"exposicion-img\">      \t\n\t\t\t\t\t<a class=\"link_subtitle\" href=\"https:\/\/www.saladalmau.com\/en\/artist\/miguel-pena\/\" rel=\"bookmark\"><img width=\"720\" height=\"478\" src=\"https:\/\/www.saladalmau.com\/wp-content\/uploads\/2023\/06\/Miguel-Pe\u00f1a-collage-sobre-papel-galeria-de-arte-en-Barcelona-Sala-Dalmau.jpg\" class=\"attachment-medium_large size-medium_large wp-post-image\" alt=\"Obra de Miguel Pe\u00f1a\" decoding=\"async\" loading=\"lazy\" srcset=\"https:\/\/www.saladalmau.com\/wp-content\/uploads\/2023\/06\/Miguel-Pe\u00f1a-collage-sobre-papel-galeria-de-arte-en-Barcelona-Sala-Dalmau.jpg 720w, https:\/\/www.saladalmau.com\/wp-content\/uploads\/2023\/06\/Miguel-Pe\u00f1a-collage-sobre-papel-galeria-de-arte-en-Barcelona-Sala-Dalmau-150x100.jpg 150w, https:\/\/www.saladalmau.com\/wp-content\/uploads\/2023\/06\/Miguel-Pe\u00f1a-collage-sobre-papel-galeria-de-arte-en-Barcelona-Sala-Dalmau-300x199.jpg 300w\" sizes=\"(max-width: 720px) 100vw, 720px\" \/><\/a> \t\n                <!--script>\n\t\t\t\t\tsrc = jQuery('#post-3050 .exposicion-img img').attr('src');\n\t\t\t\t\tjQuery('<style>#post-3050 .exposicion-img::after{background-image:url('+src+')}<\/style>').appendTo('head');\n\t\t\t\t<\/script-->\n\t\t\t\t<\/div>\n\t\t\t\t<header class=\"entry-header\"> \t\t\t\n\t\t\t\t<h2 class=\"entry-title\"><a href=\"https:\/\/www.saladalmau.com\/en\/artist\/miguel-pena\/\" rel=\"bookmark\">Miguel Pe\u00f1a<\/a><\/h2><a class=\"link_subtitle\" href=\"https:\/\/www.saladalmau.com\/en\/artist\/miguel-pena\/\" rel=\"bookmark\"><span class=\"subtitulo\">Madrid<\/span>  <span class=\"expo-fecha\"><strong><\/strong><\/span> <span class=\"nacimiento\"><strong>1951<\/strong><\/span><\/a>\t\t\t\t   \n\t\t\t\t<\/header><!-- .entry-header --> \t \t\t\n\t\t\t\t<div class=\"entry-content\"> \t\t\t\n\t\t\t\t\n\t\t\t\t<\/div><!-- .entry-content --> \t \t\t\n\t\t\t\t \t \t\t\n\t\t\t\t\t<footer class=\"entry-footer\"> \t\t\t\n\t\t\t\t \t\n\t\t\t\t \t\t\n\t\t\t\t\t<\/footer><!-- .entry-footer --> \t \t\n\t\t\t\t<\/article><!-- #post-## -->\n\t\t\t\t\t\t\t\t<article id=\"post-3550\" class=\"hidden post-3550 artista type-artista status-publish has-post-thumbnail hentry artistas-categorias-vanguardias-historiques-en\"> \t\t\n\n\t\t\t\t<div class=\"exposicion-img\">      \t\n\t\t\t\t\t<a class=\"link_subtitle\" href=\"https:\/\/www.saladalmau.com\/en\/artist\/josep-granyer\/\" rel=\"bookmark\"><img width=\"720\" height=\"478\" src=\"https:\/\/www.saladalmau.com\/wp-content\/uploads\/2016\/09\/Josep-Granyer.jpg\" class=\"attachment-medium_large size-medium_large wp-post-image\" alt=\"Escultura de Josep Granyer.\" decoding=\"async\" loading=\"lazy\" srcset=\"https:\/\/www.saladalmau.com\/wp-content\/uploads\/2016\/09\/Josep-Granyer.jpg 720w, https:\/\/www.saladalmau.com\/wp-content\/uploads\/2016\/09\/Josep-Granyer-300x199.jpg 300w\" sizes=\"(max-width: 720px) 100vw, 720px\" \/><\/a> \t\n                <!--script>\n\t\t\t\t\tsrc = jQuery('#post-3550 .exposicion-img img').attr('src');\n\t\t\t\t\tjQuery('<style>#post-3550 .exposicion-img::after{background-image:url('+src+')}<\/style>').appendTo('head');\n\t\t\t\t<\/script-->\n\t\t\t\t<\/div>\n\t\t\t\t<header class=\"entry-header\"> \t\t\t\n\t\t\t\t<h2 class=\"entry-title\"><a href=\"https:\/\/www.saladalmau.com\/en\/artist\/josep-granyer\/\" rel=\"bookmark\">Josep Granyer<\/a><\/h2><a class=\"link_subtitle\" href=\"https:\/\/www.saladalmau.com\/en\/artist\/josep-granyer\/\" rel=\"bookmark\"><span class=\"subtitulo\">Barcelona<\/span>  <span class=\"expo-fecha\"><strong><\/strong><\/span> <span class=\"nacimiento\"><strong>1899 - 1983<\/strong><\/span><\/a>\t\t\t\t   \n\t\t\t\t<\/header><!-- .entry-header --> \t \t\t\n\t\t\t\t<div class=\"entry-content\"> \t\t\t\n\t\t\t\t\n\t\t\t\t<\/div><!-- .entry-content --> \t \t\t\n\t\t\t\t \t \t\t\n\t\t\t\t\t<footer class=\"entry-footer\"> \t\t\t\n\t\t\t\t \t\n\t\t\t\t \t\t\n\t\t\t\t\t<\/footer><!-- .entry-footer --> \t \t\n\t\t\t\t<\/article><!-- #post-## -->\n\t\t\t\t\t\t\t\t<article id=\"post-3045\" class=\"hidden post-3045 artista type-artista status-publish has-post-thumbnail hentry artistas-categorias-nueva-figuracion-en\"> \t\t\n\n\t\t\t\t<div class=\"exposicion-img\">      \t\n\t\t\t\t\t<a class=\"link_subtitle\" href=\"https:\/\/www.saladalmau.com\/en\/artist\/jose-leguey\/\" rel=\"bookmark\"><img width=\"754\" height=\"774\" src=\"https:\/\/www.saladalmau.com\/wp-content\/uploads\/2021\/09\/Jose-Leguey-galeria-de-arte-de-barcelona-sala-dalmau-.jpg\" class=\"attachment-medium_large size-medium_large wp-post-image\" alt=\"Jose Leguey collage sobre papel en la galer\u00eda de arte de Barcelona Sala Dalmau\" decoding=\"async\" loading=\"lazy\" srcset=\"https:\/\/www.saladalmau.com\/wp-content\/uploads\/2021\/09\/Jose-Leguey-galeria-de-arte-de-barcelona-sala-dalmau-.jpg 754w, https:\/\/www.saladalmau.com\/wp-content\/uploads\/2021\/09\/Jose-Leguey-galeria-de-arte-de-barcelona-sala-dalmau--146x150.jpg 146w, https:\/\/www.saladalmau.com\/wp-content\/uploads\/2021\/09\/Jose-Leguey-galeria-de-arte-de-barcelona-sala-dalmau--292x300.jpg 292w\" sizes=\"(max-width: 754px) 100vw, 754px\" \/><\/a> \t\n                <!--script>\n\t\t\t\t\tsrc = jQuery('#post-3045 .exposicion-img img').attr('src');\n\t\t\t\t\tjQuery('<style>#post-3045 .exposicion-img::after{background-image:url('+src+')}<\/style>').appendTo('head');\n\t\t\t\t<\/script-->\n\t\t\t\t<\/div>\n\t\t\t\t<header class=\"entry-header\"> \t\t\t\n\t\t\t\t<h2 class=\"entry-title\"><a href=\"https:\/\/www.saladalmau.com\/en\/artist\/jose-leguey\/\" rel=\"bookmark\">Jos\u00e9 Leguey<\/a><\/h2><a class=\"link_subtitle\" href=\"https:\/\/www.saladalmau.com\/en\/artist\/jose-leguey\/\" rel=\"bookmark\"><span class=\"subtitulo\">Elche (Alicante)<\/span>  <span class=\"expo-fecha\"><strong><\/strong><\/span> <span class=\"nacimiento\"><strong>1951<\/strong><\/span><\/a>\t\t\t\t   \n\t\t\t\t<\/header><!-- .entry-header --> \t \t\t\n\t\t\t\t<div class=\"entry-content\"> \t\t\t\n\t\t\t\t\n\t\t\t\t<\/div><!-- .entry-content --> \t \t\t\n\t\t\t\t \t \t\t\n\t\t\t\t\t<footer class=\"entry-footer\"> \t\t\t\n\t\t\t\t \t\n\t\t\t\t \t\t\n\t\t\t\t\t<\/footer><!-- .entry-footer --> \t \t\n\t\t\t\t<\/article><!-- #post-## -->\n\t\t\t\t\t\t\t\t<article id=\"post-3459\" class=\"hidden post-3459 artista type-artista status-publish has-post-thumbnail hentry artistas-categorias-nueva-figuracion-en\"> \t\t\n\n\t\t\t\t<div class=\"exposicion-img\">      \t\n\t\t\t\t\t<a class=\"link_subtitle\" href=\"https:\/\/www.saladalmau.com\/en\/artist\/javier-lapuente-2\/\" rel=\"bookmark\"><img width=\"768\" height=\"1026\" src=\"https:\/\/www.saladalmau.com\/wp-content\/uploads\/2018\/04\/Javier-Lapuente-40-x-30-768x1026.jpg\" class=\"attachment-medium_large size-medium_large wp-post-image\" alt=\"\" decoding=\"async\" loading=\"lazy\" srcset=\"https:\/\/www.saladalmau.com\/wp-content\/uploads\/2018\/04\/Javier-Lapuente-40-x-30-768x1026.jpg 768w, https:\/\/www.saladalmau.com\/wp-content\/uploads\/2018\/04\/Javier-Lapuente-40-x-30-112x150.jpg 112w, https:\/\/www.saladalmau.com\/wp-content\/uploads\/2018\/04\/Javier-Lapuente-40-x-30-225x300.jpg 225w, https:\/\/www.saladalmau.com\/wp-content\/uploads\/2018\/04\/Javier-Lapuente-40-x-30-766x1024.jpg 766w, https:\/\/www.saladalmau.com\/wp-content\/uploads\/2018\/04\/Javier-Lapuente-40-x-30.jpg 898w\" sizes=\"(max-width: 768px) 100vw, 768px\" \/><\/a> \t\n                <!--script>\n\t\t\t\t\tsrc = jQuery('#post-3459 .exposicion-img img').attr('src');\n\t\t\t\t\tjQuery('<style>#post-3459 .exposicion-img::after{background-image:url('+src+')}<\/style>').appendTo('head');\n\t\t\t\t<\/script-->\n\t\t\t\t<\/div>\n\t\t\t\t<header class=\"entry-header\"> \t\t\t\n\t\t\t\t<h2 class=\"entry-title\"><a href=\"https:\/\/www.saladalmau.com\/en\/artist\/javier-lapuente-2\/\" rel=\"bookmark\">Javier Lapuente<\/a><\/h2><a class=\"link_subtitle\" href=\"https:\/\/www.saladalmau.com\/en\/artist\/javier-lapuente-2\/\" rel=\"bookmark\"><span class=\"subtitulo\">Tarazona (Zaragoza)<\/span>  <span class=\"expo-fecha\"><strong><\/strong><\/span> <span class=\"nacimiento\"><strong>1959<\/strong><\/span><\/a>\t\t\t\t   \n\t\t\t\t<\/header><!-- .entry-header --> \t \t\t\n\t\t\t\t<div class=\"entry-content\"> \t\t\t\n\t\t\t\t\n\t\t\t\t<\/div><!-- .entry-content --> \t \t\t\n\t\t\t\t \t \t\t\n\t\t\t\t\t<footer class=\"entry-footer\"> \t\t\t\n\t\t\t\t \t\n\t\t\t\t \t\t\n\t\t\t\t\t<\/footer><!-- .entry-footer --> \t \t\n\t\t\t\t<\/article><!-- #post-## -->\n\t\t\t\t\t\t\t\t<article id=\"post-3489\" class=\"hidden post-3489 artista type-artista status-publish has-post-thumbnail hentry artistas-categorias-nueva-figuracion-en\"> \t\t\n\n\t\t\t\t<div class=\"exposicion-img\">      \t\n\t\t\t\t\t<a class=\"link_subtitle\" href=\"https:\/\/www.saladalmau.com\/en\/artist\/josep-maria-garcia-llort\/\" rel=\"bookmark\"><img width=\"720\" height=\"478\" src=\"https:\/\/www.saladalmau.com\/wp-content\/uploads\/2023\/06\/Josep-Maria-garcia-llort-pinturas-en-barcelona.jpg\" class=\"attachment-medium_large size-medium_large wp-post-image\" alt=\"\" decoding=\"async\" loading=\"lazy\" srcset=\"https:\/\/www.saladalmau.com\/wp-content\/uploads\/2023\/06\/Josep-Maria-garcia-llort-pinturas-en-barcelona.jpg 720w, https:\/\/www.saladalmau.com\/wp-content\/uploads\/2023\/06\/Josep-Maria-garcia-llort-pinturas-en-barcelona-150x100.jpg 150w, https:\/\/www.saladalmau.com\/wp-content\/uploads\/2023\/06\/Josep-Maria-garcia-llort-pinturas-en-barcelona-300x199.jpg 300w\" sizes=\"(max-width: 720px) 100vw, 720px\" \/><\/a> \t\n                <!--script>\n\t\t\t\t\tsrc = jQuery('#post-3489 .exposicion-img img').attr('src');\n\t\t\t\t\tjQuery('<style>#post-3489 .exposicion-img::after{background-image:url('+src+')}<\/style>').appendTo('head');\n\t\t\t\t<\/script-->\n\t\t\t\t<\/div>\n\t\t\t\t<header class=\"entry-header\"> \t\t\t\n\t\t\t\t<h2 class=\"entry-title\"><a href=\"https:\/\/www.saladalmau.com\/en\/artist\/josep-maria-garcia-llort\/\" rel=\"bookmark\">Josep Maria Garcia-Llort<\/a><\/h2><a class=\"link_subtitle\" href=\"https:\/\/www.saladalmau.com\/en\/artist\/josep-maria-garcia-llort\/\" rel=\"bookmark\"><span class=\"subtitulo\">Barcelona<\/span>  <span class=\"expo-fecha\"><strong><\/strong><\/span> <span class=\"nacimiento\"><strong>1921 - 2003<\/strong><\/span><\/a>\t\t\t\t   \n\t\t\t\t<\/header><!-- .entry-header --> \t \t\t\n\t\t\t\t<div class=\"entry-content\"> \t\t\t\n\t\t\t\t\n\t\t\t\t<\/div><!-- .entry-content --> \t \t\t\n\t\t\t\t \t \t\t\n\t\t\t\t\t<footer class=\"entry-footer\"> \t\t\t\n\t\t\t\t \t\n\t\t\t\t \t\t\n\t\t\t\t\t<\/footer><!-- .entry-footer --> \t \t\n\t\t\t\t<\/article><!-- #post-## -->\n\t\t\t\t\t\t\t\t<article id=\"post-3466\" class=\"hidden post-3466 artista type-artista status-publish has-post-thumbnail hentry artistas-categorias-vanguardias-historiques-en\"> \t\t\n\n\t\t\t\t<div class=\"exposicion-img\">      \t\n\t\t\t\t\t<a class=\"link_subtitle\" href=\"https:\/\/www.saladalmau.com\/en\/artist\/le-corbusier\/\" rel=\"bookmark\"><img width=\"720\" height=\"478\" src=\"https:\/\/www.saladalmau.com\/wp-content\/uploads\/2016\/09\/LE-CORBUSIER.jpg\" class=\"attachment-medium_large size-medium_large wp-post-image\" alt=\"Obra de Le Corbusier en la galeria de arte de Barcelona Sala Dalmau\" decoding=\"async\" loading=\"lazy\" srcset=\"https:\/\/www.saladalmau.com\/wp-content\/uploads\/2016\/09\/LE-CORBUSIER.jpg 720w, https:\/\/www.saladalmau.com\/wp-content\/uploads\/2016\/09\/LE-CORBUSIER-300x199.jpg 300w\" sizes=\"(max-width: 720px) 100vw, 720px\" \/><\/a> \t\n                <!--script>\n\t\t\t\t\tsrc = jQuery('#post-3466 .exposicion-img img').attr('src');\n\t\t\t\t\tjQuery('<style>#post-3466 .exposicion-img::after{background-image:url('+src+')}<\/style>').appendTo('head');\n\t\t\t\t<\/script-->\n\t\t\t\t<\/div>\n\t\t\t\t<header class=\"entry-header\"> \t\t\t\n\t\t\t\t<h2 class=\"entry-title\"><a href=\"https:\/\/www.saladalmau.com\/en\/artist\/le-corbusier\/\" rel=\"bookmark\">Le Corbusier<\/a><\/h2><a class=\"link_subtitle\" href=\"https:\/\/www.saladalmau.com\/en\/artist\/le-corbusier\/\" rel=\"bookmark\"><span class=\"subtitulo\">La Chaux-de-Fonds (Switzerland) -  Roquebrune-Cap-Martin (France)<\/span>  <span class=\"expo-fecha\"><strong><\/strong><\/span> <span class=\"nacimiento\"><strong>1887 - 1965<\/strong><\/span><\/a>\t\t\t\t   \n\t\t\t\t<\/header><!-- .entry-header --> \t \t\t\n\t\t\t\t<div class=\"entry-content\"> \t\t\t\n\t\t\t\t\n\t\t\t\t<\/div><!-- .entry-content --> \t \t\t\n\t\t\t\t \t \t\t\n\t\t\t\t\t<footer class=\"entry-footer\"> \t\t\t\n\t\t\t\t \t\n\t\t\t\t \t\t\n\t\t\t\t\t<\/footer><!-- .entry-footer --> \t \t\n\t\t\t\t<\/article><!-- #post-## -->\n\t\t\t\t\t\t\t\t<article id=\"post-3514\" class=\"hidden post-3514 artista type-artista status-publish has-post-thumbnail hentry artistas-categorias-vanguardias-historiques-en\"> \t\t\n\n\t\t\t\t<div class=\"exposicion-img\">      \t\n\t\t\t\t\t<a class=\"link_subtitle\" href=\"https:\/\/www.saladalmau.com\/en\/artist\/eugenio-granell\/\" rel=\"bookmark\"><img width=\"720\" height=\"478\" src=\"https:\/\/www.saladalmau.com\/wp-content\/uploads\/2016\/09\/EUGENIO-GRANELL.jpg\" class=\"attachment-medium_large size-medium_large wp-post-image\" alt=\"\u00f3leo sobre tela de Eugenio Granell\" decoding=\"async\" loading=\"lazy\" srcset=\"https:\/\/www.saladalmau.com\/wp-content\/uploads\/2016\/09\/EUGENIO-GRANELL.jpg 720w, https:\/\/www.saladalmau.com\/wp-content\/uploads\/2016\/09\/EUGENIO-GRANELL-300x199.jpg 300w\" sizes=\"(max-width: 720px) 100vw, 720px\" \/><\/a> \t\n                <!--script>\n\t\t\t\t\tsrc = jQuery('#post-3514 .exposicion-img img').attr('src');\n\t\t\t\t\tjQuery('<style>#post-3514 .exposicion-img::after{background-image:url('+src+')}<\/style>').appendTo('head');\n\t\t\t\t<\/script-->\n\t\t\t\t<\/div>\n\t\t\t\t<header class=\"entry-header\"> \t\t\t\n\t\t\t\t<h2 class=\"entry-title\"><a href=\"https:\/\/www.saladalmau.com\/en\/artist\/eugenio-granell\/\" rel=\"bookmark\">Eugenio Granell<\/a><\/h2><a class=\"link_subtitle\" href=\"https:\/\/www.saladalmau.com\/en\/artist\/eugenio-granell\/\" rel=\"bookmark\"><span class=\"subtitulo\">La Coru\u00f1a \u2013 Madrid<\/span>  <span class=\"expo-fecha\"><strong><\/strong><\/span> <span class=\"nacimiento\"><strong>1912 - 2001<\/strong><\/span><\/a>\t\t\t\t   \n\t\t\t\t<\/header><!-- .entry-header --> \t \t\t\n\t\t\t\t<div class=\"entry-content\"> \t\t\t\n\t\t\t\t\n\t\t\t\t<\/div><!-- .entry-content --> \t \t\t\n\t\t\t\t \t \t\t\n\t\t\t\t\t<footer class=\"entry-footer\"> \t\t\t\n\t\t\t\t \t\n\t\t\t\t \t\t\n\t\t\t\t\t<\/footer><!-- .entry-footer --> \t \t\n\t\t\t\t<\/article><!-- #post-## -->\n\t\t\t\t\t\t\t\t<article id=\"post-3535\" class=\"hidden post-3535 artista type-artista status-publish has-post-thumbnail hentry artistas-categorias-constructivismo-en\"> \t\t\n\n\t\t\t\t<div class=\"exposicion-img\">      \t\n\t\t\t\t\t<a class=\"link_subtitle\" href=\"https:\/\/www.saladalmau.com\/en\/artist\/jose-gurvich\/\" rel=\"bookmark\"><img width=\"720\" height=\"478\" src=\"https:\/\/www.saladalmau.com\/wp-content\/uploads\/2023\/06\/Jose-Gurvich-lapiz-sobre-papel-galeria-sala-dalmau-de-barcelona.jpg\" class=\"attachment-medium_large size-medium_large wp-post-image\" alt=\"\" decoding=\"async\" loading=\"lazy\" srcset=\"https:\/\/www.saladalmau.com\/wp-content\/uploads\/2023\/06\/Jose-Gurvich-lapiz-sobre-papel-galeria-sala-dalmau-de-barcelona.jpg 720w, https:\/\/www.saladalmau.com\/wp-content\/uploads\/2023\/06\/Jose-Gurvich-lapiz-sobre-papel-galeria-sala-dalmau-de-barcelona-150x100.jpg 150w, https:\/\/www.saladalmau.com\/wp-content\/uploads\/2023\/06\/Jose-Gurvich-lapiz-sobre-papel-galeria-sala-dalmau-de-barcelona-300x199.jpg 300w\" sizes=\"(max-width: 720px) 100vw, 720px\" \/><\/a> \t\n                <!--script>\n\t\t\t\t\tsrc = jQuery('#post-3535 .exposicion-img img').attr('src');\n\t\t\t\t\tjQuery('<style>#post-3535 .exposicion-img::after{background-image:url('+src+')}<\/style>').appendTo('head');\n\t\t\t\t<\/script-->\n\t\t\t\t<\/div>\n\t\t\t\t<header class=\"entry-header\"> \t\t\t\n\t\t\t\t<h2 class=\"entry-title\"><a href=\"https:\/\/www.saladalmau.com\/en\/artist\/jose-gurvich\/\" rel=\"bookmark\">Jos\u00e9 Gurvich<\/a><\/h2><a class=\"link_subtitle\" href=\"https:\/\/www.saladalmau.com\/en\/artist\/jose-gurvich\/\" rel=\"bookmark\"><span class=\"subtitulo\">Lituania - Nueva York<\/span>  <span class=\"expo-fecha\"><strong><\/strong><\/span> <span class=\"nacimiento\"><strong>1927 - 1974<\/strong><\/span><\/a>\t\t\t\t   \n\t\t\t\t<\/header><!-- .entry-header --> \t \t\t\n\t\t\t\t<div class=\"entry-content\"> \t\t\t\n\t\t\t\t\n\t\t\t\t<\/div><!-- .entry-content --> \t \t\t\n\t\t\t\t \t \t\t\n\t\t\t\t\t<footer class=\"entry-footer\"> \t\t\t\n\t\t\t\t \t\n\t\t\t\t \t\t\n\t\t\t\t\t<\/footer><!-- .entry-footer --> \t \t\n\t\t\t\t<\/article><!-- #post-## -->\n\t\t\t\t\t\t\t\t<article id=\"post-3471\" class=\"hidden post-3471 artista type-artista status-publish has-post-thumbnail hentry artistas-categorias-nueva-figuracion-en\"> \t\t\n\n\t\t\t\t<div class=\"exposicion-img\">      \t\n\t\t\t\t\t<a class=\"link_subtitle\" href=\"https:\/\/www.saladalmau.com\/en\/artist\/manolo-belzunce\/\" rel=\"bookmark\"><img width=\"768\" height=\"525\" src=\"https:\/\/www.saladalmau.com\/wp-content\/uploads\/2016\/02\/Manolo-Belzunce-galeria-de-arte-en-barcelona-sala-dalmau-768x525.jpg\" class=\"attachment-medium_large size-medium_large wp-post-image\" alt=\"Manolo Belzunce obra de la serie homenaje a Matissa en la galer\u00eda\" decoding=\"async\" loading=\"lazy\" srcset=\"https:\/\/www.saladalmau.com\/wp-content\/uploads\/2016\/02\/Manolo-Belzunce-galeria-de-arte-en-barcelona-sala-dalmau-768x525.jpg 768w, https:\/\/www.saladalmau.com\/wp-content\/uploads\/2016\/02\/Manolo-Belzunce-galeria-de-arte-en-barcelona-sala-dalmau-150x103.jpg 150w, https:\/\/www.saladalmau.com\/wp-content\/uploads\/2016\/02\/Manolo-Belzunce-galeria-de-arte-en-barcelona-sala-dalmau-300x205.jpg 300w, https:\/\/www.saladalmau.com\/wp-content\/uploads\/2016\/02\/Manolo-Belzunce-galeria-de-arte-en-barcelona-sala-dalmau.jpg 860w\" sizes=\"(max-width: 768px) 100vw, 768px\" \/><\/a> \t\n                <!--script>\n\t\t\t\t\tsrc = jQuery('#post-3471 .exposicion-img img').attr('src');\n\t\t\t\t\tjQuery('<style>#post-3471 .exposicion-img::after{background-image:url('+src+')}<\/style>').appendTo('head');\n\t\t\t\t<\/script-->\n\t\t\t\t<\/div>\n\t\t\t\t<header class=\"entry-header\"> \t\t\t\n\t\t\t\t<h2 class=\"entry-title\"><a href=\"https:\/\/www.saladalmau.com\/en\/artist\/manolo-belzunce\/\" rel=\"bookmark\">Manolo Belzunce<\/a><\/h2><a class=\"link_subtitle\" href=\"https:\/\/www.saladalmau.com\/en\/artist\/manolo-belzunce\/\" rel=\"bookmark\"><span class=\"subtitulo\">Lorca, Murcia<\/span>  <span class=\"expo-fecha\"><strong><\/strong><\/span> <span class=\"nacimiento\"><strong>1944<\/strong><\/span><\/a>\t\t\t\t   \n\t\t\t\t<\/header><!-- .entry-header --> \t \t\t\n\t\t\t\t<div class=\"entry-content\"> \t\t\t\n\t\t\t\t\n\t\t\t\t<\/div><!-- .entry-content --> \t \t\t\n\t\t\t\t \t \t\t\n\t\t\t\t\t<footer class=\"entry-footer\"> \t\t\t\n\t\t\t\t \t\n\t\t\t\t \t\t\n\t\t\t\t\t<\/footer><!-- .entry-footer --> \t \t\n\t\t\t\t<\/article><!-- #post-## -->\n\t\t\t\t\t\t\t\t<article id=\"post-3067\" class=\"hidden post-3067 artista type-artista status-publish has-post-thumbnail hentry artistas-categorias-nueva-figuracion-en\"> \t\t\n\n\t\t\t\t<div class=\"exposicion-img\">      \t\n\t\t\t\t\t<a class=\"link_subtitle\" href=\"https:\/\/www.saladalmau.com\/en\/artist\/virginia-lasheras\/\" rel=\"bookmark\"><img width=\"768\" height=\"625\" src=\"https:\/\/www.saladalmau.com\/wp-content\/uploads\/2020\/09\/Virginia-Lasheras-6282-sd-768x625.jpg\" class=\"attachment-medium_large size-medium_large wp-post-image\" alt=\"Pintura de la artista Virginia Lasheras en la galer\u00eda de arte de Barcelona Sala Dalmau\" decoding=\"async\" loading=\"lazy\" srcset=\"https:\/\/www.saladalmau.com\/wp-content\/uploads\/2020\/09\/Virginia-Lasheras-6282-sd-768x625.jpg 768w, https:\/\/www.saladalmau.com\/wp-content\/uploads\/2020\/09\/Virginia-Lasheras-6282-sd-150x122.jpg 150w, https:\/\/www.saladalmau.com\/wp-content\/uploads\/2020\/09\/Virginia-Lasheras-6282-sd-300x244.jpg 300w, https:\/\/www.saladalmau.com\/wp-content\/uploads\/2020\/09\/Virginia-Lasheras-6282-sd-1024x833.jpg 1024w, https:\/\/www.saladalmau.com\/wp-content\/uploads\/2020\/09\/Virginia-Lasheras-6282-sd-1100x895.jpg 1100w, https:\/\/www.saladalmau.com\/wp-content\/uploads\/2020\/09\/Virginia-Lasheras-6282-sd.jpg 1256w\" sizes=\"(max-width: 768px) 100vw, 768px\" \/><\/a> \t\n                <!--script>\n\t\t\t\t\tsrc = jQuery('#post-3067 .exposicion-img img').attr('src');\n\t\t\t\t\tjQuery('<style>#post-3067 .exposicion-img::after{background-image:url('+src+')}<\/style>').appendTo('head');\n\t\t\t\t<\/script-->\n\t\t\t\t<\/div>\n\t\t\t\t<header class=\"entry-header\"> \t\t\t\n\t\t\t\t<h2 class=\"entry-title\"><a href=\"https:\/\/www.saladalmau.com\/en\/artist\/virginia-lasheras\/\" rel=\"bookmark\">Virginia Lasheras<\/a><\/h2><a class=\"link_subtitle\" href=\"https:\/\/www.saladalmau.com\/en\/artist\/virginia-lasheras\/\" rel=\"bookmark\"><span class=\"subtitulo\">Almer\u00eda - Madrid<\/span>  <span class=\"expo-fecha\"><strong><\/strong><\/span> <span class=\"nacimiento\"><strong>1946 - 2000<\/strong><\/span><\/a>\t\t\t\t   \n\t\t\t\t<\/header><!-- .entry-header --> \t \t\t\n\t\t\t\t<div class=\"entry-content\"> \t\t\t\n\t\t\t\t\n\t\t\t\t<\/div><!-- .entry-content --> \t \t\t\n\t\t\t\t \t \t\t\n\t\t\t\t\t<footer class=\"entry-footer\"> \t\t\t\n\t\t\t\t \t\n\t\t\t\t \t\t\n\t\t\t\t\t<\/footer><!-- .entry-footer --> \t \t\n\t\t\t\t<\/article><!-- #post-## -->\n\t\t\t\t\t\t\t\t<article id=\"post-3477\" class=\"hidden post-3477 artista type-artista status-publish has-post-thumbnail hentry artistas-categorias-nueva-figuracion-en\"> \t\t\n\n\t\t\t\t<div class=\"exposicion-img\">      \t\n\t\t\t\t\t<a class=\"link_subtitle\" href=\"https:\/\/www.saladalmau.com\/en\/artist\/pablo-bruera\/\" rel=\"bookmark\"><img width=\"720\" height=\"478\" src=\"https:\/\/www.saladalmau.com\/wp-content\/uploads\/2016\/09\/PABLO-BRUERA.jpg\" class=\"attachment-medium_large size-medium_large wp-post-image\" alt=\"Escultura de Pablo Bruera\" decoding=\"async\" loading=\"lazy\" srcset=\"https:\/\/www.saladalmau.com\/wp-content\/uploads\/2016\/09\/PABLO-BRUERA.jpg 720w, https:\/\/www.saladalmau.com\/wp-content\/uploads\/2016\/09\/PABLO-BRUERA-300x199.jpg 300w\" sizes=\"(max-width: 720px) 100vw, 720px\" \/><\/a> \t\n                <!--script>\n\t\t\t\t\tsrc = jQuery('#post-3477 .exposicion-img img').attr('src');\n\t\t\t\t\tjQuery('<style>#post-3477 .exposicion-img::after{background-image:url('+src+')}<\/style>').appendTo('head');\n\t\t\t\t<\/script-->\n\t\t\t\t<\/div>\n\t\t\t\t<header class=\"entry-header\"> \t\t\t\n\t\t\t\t<h2 class=\"entry-title\"><a href=\"https:\/\/www.saladalmau.com\/en\/artist\/pablo-bruera\/\" rel=\"bookmark\">Pablo Bruera<\/a><\/h2><a class=\"link_subtitle\" href=\"https:\/\/www.saladalmau.com\/en\/artist\/pablo-bruera\/\" rel=\"bookmark\"><span class=\"subtitulo\">Montevideo<\/span>  <span class=\"expo-fecha\"><strong><\/strong><\/span> <span class=\"nacimiento\"><strong>1972<\/strong><\/span><\/a>\t\t\t\t   \n\t\t\t\t<\/header><!-- .entry-header --> \t \t\t\n\t\t\t\t<div class=\"entry-content\"> \t\t\t\n\t\t\t\t\n\t\t\t\t<\/div><!-- .entry-content --> \t \t\t\n\t\t\t\t \t \t\t\n\t\t\t\t\t<footer class=\"entry-footer\"> \t\t\t\n\t\t\t\t \t\n\t\t\t\t \t\t\n\t\t\t\t\t<\/footer><!-- .entry-footer --> \t \t\n\t\t\t\t<\/article><!-- #post-## -->\n\t\t\t\t\t\t\t\t<article id=\"post-3502\" class=\"hidden post-3502 artista type-artista status-publish has-post-thumbnail hentry artistas-categorias-vanguardias-historiques-en\"> \t\t\n\n\t\t\t\t<div class=\"exposicion-img\">      \t\n\t\t\t\t\t<a class=\"link_subtitle\" href=\"https:\/\/www.saladalmau.com\/en\/artist\/juan-alcalde\/\" rel=\"bookmark\"><img width=\"720\" height=\"478\" src=\"https:\/\/www.saladalmau.com\/wp-content\/uploads\/2023\/06\/Juan-alcalde-pintor-de-la-escuela-espa\u00f1ola-de-paris.jpg\" class=\"attachment-medium_large size-medium_large wp-post-image\" alt=\"Pintura de Juan Alcalde\" decoding=\"async\" loading=\"lazy\" srcset=\"https:\/\/www.saladalmau.com\/wp-content\/uploads\/2023\/06\/Juan-alcalde-pintor-de-la-escuela-espa\u00f1ola-de-paris.jpg 720w, https:\/\/www.saladalmau.com\/wp-content\/uploads\/2023\/06\/Juan-alcalde-pintor-de-la-escuela-espa\u00f1ola-de-paris-150x100.jpg 150w, https:\/\/www.saladalmau.com\/wp-content\/uploads\/2023\/06\/Juan-alcalde-pintor-de-la-escuela-espa\u00f1ola-de-paris-300x199.jpg 300w\" sizes=\"(max-width: 720px) 100vw, 720px\" \/><\/a> \t\n                <!--script>\n\t\t\t\t\tsrc = jQuery('#post-3502 .exposicion-img img').attr('src');\n\t\t\t\t\tjQuery('<style>#post-3502 .exposicion-img::after{background-image:url('+src+')}<\/style>').appendTo('head');\n\t\t\t\t<\/script-->\n\t\t\t\t<\/div>\n\t\t\t\t<header class=\"entry-header\"> \t\t\t\n\t\t\t\t<h2 class=\"entry-title\"><a href=\"https:\/\/www.saladalmau.com\/en\/artist\/juan-alcalde\/\" rel=\"bookmark\">Juan Alcalde<\/a><\/h2><a class=\"link_subtitle\" href=\"https:\/\/www.saladalmau.com\/en\/artist\/juan-alcalde\/\" rel=\"bookmark\"><span class=\"subtitulo\">Madrid<\/span>  <span class=\"expo-fecha\"><strong><\/strong><\/span> <span class=\"nacimiento\"><strong>1918 - 2020<\/strong><\/span><\/a>\t\t\t\t   \n\t\t\t\t<\/header><!-- .entry-header --> \t \t\t\n\t\t\t\t<div class=\"entry-content\"> \t\t\t\n\t\t\t\t\n\t\t\t\t<\/div><!-- .entry-content --> \t \t\t\n\t\t\t\t \t \t\t\n\t\t\t\t\t<footer class=\"entry-footer\"> \t\t\t\n\t\t\t\t \t\n\t\t\t\t \t\t\n\t\t\t\t\t<\/footer><!-- .entry-footer --> \t \t\n\t\t\t\t<\/article><!-- #post-## -->\n\t\t\t\t\t\t\t\t<article id=\"post-3495\" class=\"hidden post-3495 artista type-artista status-publish has-post-thumbnail hentry artistas-categorias-nueva-figuracion-en\"> \t\t\n\n\t\t\t\t<div class=\"exposicion-img\">      \t\n\t\t\t\t\t<a class=\"link_subtitle\" href=\"https:\/\/www.saladalmau.com\/en\/artist\/joan-capella\/\" rel=\"bookmark\"><img width=\"768\" height=\"719\" src=\"https:\/\/www.saladalmau.com\/wp-content\/uploads\/2016\/06\/joan-capella-4441-g-768x719.jpg\" class=\"attachment-medium_large size-medium_large wp-post-image\" alt=\"\u00f3leo sobre tabla del pintor Joan Capella\" decoding=\"async\" loading=\"lazy\" srcset=\"https:\/\/www.saladalmau.com\/wp-content\/uploads\/2016\/06\/joan-capella-4441-g-768x719.jpg 768w, https:\/\/www.saladalmau.com\/wp-content\/uploads\/2016\/06\/joan-capella-4441-g-150x140.jpg 150w, https:\/\/www.saladalmau.com\/wp-content\/uploads\/2016\/06\/joan-capella-4441-g-300x281.jpg 300w, https:\/\/www.saladalmau.com\/wp-content\/uploads\/2016\/06\/joan-capella-4441-g-1024x959.jpg 1024w, https:\/\/www.saladalmau.com\/wp-content\/uploads\/2016\/06\/joan-capella-4441-g-1100x1030.jpg 1100w, https:\/\/www.saladalmau.com\/wp-content\/uploads\/2016\/06\/joan-capella-4441-g.jpg 1755w\" sizes=\"(max-width: 768px) 100vw, 768px\" \/><\/a> \t\n                <!--script>\n\t\t\t\t\tsrc = jQuery('#post-3495 .exposicion-img img').attr('src');\n\t\t\t\t\tjQuery('<style>#post-3495 .exposicion-img::after{background-image:url('+src+')}<\/style>').appendTo('head');\n\t\t\t\t<\/script-->\n\t\t\t\t<\/div>\n\t\t\t\t<header class=\"entry-header\"> \t\t\t\n\t\t\t\t<h2 class=\"entry-title\"><a href=\"https:\/\/www.saladalmau.com\/en\/artist\/joan-capella\/\" rel=\"bookmark\">Joan Capella<\/a><\/h2><a class=\"link_subtitle\" href=\"https:\/\/www.saladalmau.com\/en\/artist\/joan-capella\/\" rel=\"bookmark\"><span class=\"subtitulo\">Montcada i Reixac - Barcelona<\/span>  <span class=\"expo-fecha\"><strong><\/strong><\/span> <span class=\"nacimiento\"><strong>1927 - 2005<\/strong><\/span><\/a>\t\t\t\t   \n\t\t\t\t<\/header><!-- .entry-header --> \t \t\t\n\t\t\t\t<div class=\"entry-content\"> \t\t\t\n\t\t\t\t\n\t\t\t\t<\/div><!-- .entry-content --> \t \t\t\n\t\t\t\t \t \t\t\n\t\t\t\t\t<footer class=\"entry-footer\"> \t\t\t\n\t\t\t\t \t\n\t\t\t\t \t\t\n\t\t\t\t\t<\/footer><!-- .entry-footer --> \t \t\n\t\t\t\t<\/article><!-- #post-## -->\n\t\t\t\t\t\t\t\t<article id=\"post-3520\" class=\"hidden post-3520 artista type-artista status-publish has-post-thumbnail hentry artistas-categorias-vanguardias-historiques-en\"> \t\t\n\n\t\t\t\t<div class=\"exposicion-img\">      \t\n\t\t\t\t\t<a class=\"link_subtitle\" href=\"https:\/\/www.saladalmau.com\/en\/artist\/hernando-vines\/\" rel=\"bookmark\"><img width=\"768\" height=\"596\" src=\"https:\/\/www.saladalmau.com\/wp-content\/uploads\/2016\/09\/Hernando-Vi\u00f1es-6037-g-768x596.jpg\" class=\"attachment-medium_large size-medium_large wp-post-image\" alt=\"Obra de Hernando VI\u00f1es con de sus temas principales,la ventana abierta y la figura femenina.\" decoding=\"async\" loading=\"lazy\" srcset=\"https:\/\/www.saladalmau.com\/wp-content\/uploads\/2016\/09\/Hernando-Vi\u00f1es-6037-g-768x596.jpg 768w, https:\/\/www.saladalmau.com\/wp-content\/uploads\/2016\/09\/Hernando-Vi\u00f1es-6037-g-300x233.jpg 300w, https:\/\/www.saladalmau.com\/wp-content\/uploads\/2016\/09\/Hernando-Vi\u00f1es-6037-g.jpg 800w, https:\/\/www.saladalmau.com\/wp-content\/uploads\/2016\/09\/Hernando-Vi\u00f1es-6037-g-76x58.jpg 76w\" sizes=\"(max-width: 768px) 100vw, 768px\" \/><\/a> \t\n                <!--script>\n\t\t\t\t\tsrc = jQuery('#post-3520 .exposicion-img img').attr('src');\n\t\t\t\t\tjQuery('<style>#post-3520 .exposicion-img::after{background-image:url('+src+')}<\/style>').appendTo('head');\n\t\t\t\t<\/script-->\n\t\t\t\t<\/div>\n\t\t\t\t<header class=\"entry-header\"> \t\t\t\n\t\t\t\t<h2 class=\"entry-title\"><a href=\"https:\/\/www.saladalmau.com\/en\/artist\/hernando-vines\/\" rel=\"bookmark\">Hernando Vi\u00f1es<\/a><\/h2><a class=\"link_subtitle\" href=\"https:\/\/www.saladalmau.com\/en\/artist\/hernando-vines\/\" rel=\"bookmark\"><span class=\"subtitulo\">Par\u00eds<\/span>  <span class=\"expo-fecha\"><strong><\/strong><\/span> <span class=\"nacimiento\"><strong>1904 - 1993<\/strong><\/span><\/a>\t\t\t\t   \n\t\t\t\t<\/header><!-- .entry-header --> \t \t\t\n\t\t\t\t<div class=\"entry-content\"> \t\t\t\n\t\t\t\t\n\t\t\t\t<\/div><!-- .entry-content --> \t \t\t\n\t\t\t\t \t \t\t\n\t\t\t\t\t<footer class=\"entry-footer\"> \t\t\t\n\t\t\t\t \t\n\t\t\t\t \t\t\n\t\t\t\t\t<\/footer><!-- .entry-footer --> \t \t\n\t\t\t\t<\/article><!-- #post-## -->\n\t\t\t\t\t\t\t\t<article id=\"post-3061\" class=\"hidden post-3061 artista type-artista status-publish has-post-thumbnail hentry artistas-categorias-nueva-figuracion-en\"> \t\t\n\n\t\t\t\t<div class=\"exposicion-img\">      \t\n\t\t\t\t\t<a class=\"link_subtitle\" href=\"https:\/\/www.saladalmau.com\/en\/artist\/victor-pedra\/\" rel=\"bookmark\"><img width=\"768\" height=\"472\" src=\"https:\/\/www.saladalmau.com\/wp-content\/uploads\/2015\/09\/Victor-Pedra-5033-g-768x472.jpg\" class=\"attachment-medium_large size-medium_large wp-post-image\" alt=\"Pintura de V\u00edctor Pedra\" decoding=\"async\" loading=\"lazy\" srcset=\"https:\/\/www.saladalmau.com\/wp-content\/uploads\/2015\/09\/Victor-Pedra-5033-g-768x472.jpg 768w, https:\/\/www.saladalmau.com\/wp-content\/uploads\/2015\/09\/Victor-Pedra-5033-g-150x92.jpg 150w, https:\/\/www.saladalmau.com\/wp-content\/uploads\/2015\/09\/Victor-Pedra-5033-g-300x184.jpg 300w, https:\/\/www.saladalmau.com\/wp-content\/uploads\/2015\/09\/Victor-Pedra-5033-g-1024x629.jpg 1024w, https:\/\/www.saladalmau.com\/wp-content\/uploads\/2015\/09\/Victor-Pedra-5033-g-1100x675.jpg 1100w, https:\/\/www.saladalmau.com\/wp-content\/uploads\/2015\/09\/Victor-Pedra-5033-g.jpg 1267w\" sizes=\"(max-width: 768px) 100vw, 768px\" \/><\/a> \t\n                <!--script>\n\t\t\t\t\tsrc = jQuery('#post-3061 .exposicion-img img').attr('src');\n\t\t\t\t\tjQuery('<style>#post-3061 .exposicion-img::after{background-image:url('+src+')}<\/style>').appendTo('head');\n\t\t\t\t<\/script-->\n\t\t\t\t<\/div>\n\t\t\t\t<header class=\"entry-header\"> \t\t\t\n\t\t\t\t<h2 class=\"entry-title\"><a href=\"https:\/\/www.saladalmau.com\/en\/artist\/victor-pedra\/\" rel=\"bookmark\">V\u00edctor Pedra<\/a><\/h2><a class=\"link_subtitle\" href=\"https:\/\/www.saladalmau.com\/en\/artist\/victor-pedra\/\" rel=\"bookmark\"><span class=\"subtitulo\">Barcelona<\/span>  <span class=\"expo-fecha\"><strong><\/strong><\/span> <span class=\"nacimiento\"><strong>1955<\/strong><\/span><\/a>\t\t\t\t   \n\t\t\t\t<\/header><!-- .entry-header --> \t \t\t\n\t\t\t\t<div class=\"entry-content\"> \t\t\t\n\t\t\t\t\n\t\t\t\t<\/div><!-- .entry-content --> \t \t\t\n\t\t\t\t \t \t\t\n\t\t\t\t\t<footer class=\"entry-footer\"> \t\t\t\n\t\t\t\t \t\n\t\t\t\t \t\t\n\t\t\t\t\t<\/footer><!-- .entry-footer --> \t \t\n\t\t\t\t<\/article><!-- #post-## -->\n\t\t\t\t\t\t\t\t<article id=\"post-3524\" class=\"hidden post-3524 artista type-artista status-publish has-post-thumbnail hentry artistas-categorias-vanguardias-historiques-en\"> \t\t\n\n\t\t\t\t<div class=\"exposicion-img\">      \t\n\t\t\t\t\t<a class=\"link_subtitle\" href=\"https:\/\/www.saladalmau.com\/en\/artist\/francisco-bores\/\" rel=\"bookmark\"><img width=\"720\" height=\"478\" src=\"https:\/\/www.saladalmau.com\/wp-content\/uploads\/2016\/09\/Francisco-Bores.jpg\" class=\"attachment-medium_large size-medium_large wp-post-image\" alt=\"\" decoding=\"async\" loading=\"lazy\" srcset=\"https:\/\/www.saladalmau.com\/wp-content\/uploads\/2016\/09\/Francisco-Bores.jpg 720w, https:\/\/www.saladalmau.com\/wp-content\/uploads\/2016\/09\/Francisco-Bores-300x199.jpg 300w\" sizes=\"(max-width: 720px) 100vw, 720px\" \/><\/a> \t\n                <!--script>\n\t\t\t\t\tsrc = jQuery('#post-3524 .exposicion-img img').attr('src');\n\t\t\t\t\tjQuery('<style>#post-3524 .exposicion-img::after{background-image:url('+src+')}<\/style>').appendTo('head');\n\t\t\t\t<\/script-->\n\t\t\t\t<\/div>\n\t\t\t\t<header class=\"entry-header\"> \t\t\t\n\t\t\t\t<h2 class=\"entry-title\"><a href=\"https:\/\/www.saladalmau.com\/en\/artist\/francisco-bores\/\" rel=\"bookmark\">Francisco Bores<\/a><\/h2><a class=\"link_subtitle\" href=\"https:\/\/www.saladalmau.com\/en\/artist\/francisco-bores\/\" rel=\"bookmark\"><span class=\"subtitulo\">Madrid \u2013 Par\u00eds <\/span>  <span class=\"expo-fecha\"><strong><\/strong><\/span> <span class=\"nacimiento\"><strong>1898 - 1972<\/strong><\/span><\/a>\t\t\t\t   \n\t\t\t\t<\/header><!-- .entry-header --> \t \t\t\n\t\t\t\t<div class=\"entry-content\"> \t\t\t\n\t\t\t\t\n\t\t\t\t<\/div><!-- .entry-content --> \t \t\t\n\t\t\t\t \t \t\t\n\t\t\t\t\t<footer class=\"entry-footer\"> \t\t\t\n\t\t\t\t \t\n\t\t\t\t \t\t\n\t\t\t\t\t<\/footer><!-- .entry-footer --> \t \t\n\t\t\t\t<\/article><!-- #post-## -->\n\t\t\t\t\t\t\t\t<article id=\"post-3556\" class=\"hidden post-3556 artista type-artista status-publish has-post-thumbnail hentry artistas-categorias-constructivismo-en\"> \t\t\n\n\t\t\t\t<div class=\"exposicion-img\">      \t\n\t\t\t\t\t<a class=\"link_subtitle\" href=\"https:\/\/www.saladalmau.com\/en\/artist\/augusto-torres\/\" rel=\"bookmark\"><img width=\"720\" height=\"478\" src=\"https:\/\/www.saladalmau.com\/wp-content\/uploads\/2016\/09\/AUGUSTO-TORRES.jpg\" class=\"attachment-medium_large size-medium_large wp-post-image\" alt=\"Painting by Augusto Torres\" decoding=\"async\" loading=\"lazy\" srcset=\"https:\/\/www.saladalmau.com\/wp-content\/uploads\/2016\/09\/AUGUSTO-TORRES.jpg 720w, https:\/\/www.saladalmau.com\/wp-content\/uploads\/2016\/09\/AUGUSTO-TORRES-300x199.jpg 300w\" sizes=\"(max-width: 720px) 100vw, 720px\" \/><\/a> \t\n                <!--script>\n\t\t\t\t\tsrc = jQuery('#post-3556 .exposicion-img img').attr('src');\n\t\t\t\t\tjQuery('<style>#post-3556 .exposicion-img::after{background-image:url('+src+')}<\/style>').appendTo('head');\n\t\t\t\t<\/script-->\n\t\t\t\t<\/div>\n\t\t\t\t<header class=\"entry-header\"> \t\t\t\n\t\t\t\t<h2 class=\"entry-title\"><a href=\"https:\/\/www.saladalmau.com\/en\/artist\/augusto-torres\/\" rel=\"bookmark\">Augusto Torres<\/a><\/h2><a class=\"link_subtitle\" href=\"https:\/\/www.saladalmau.com\/en\/artist\/augusto-torres\/\" rel=\"bookmark\"><span class=\"subtitulo\">Terrassa - Barcelona <\/span>  <span class=\"expo-fecha\"><strong><\/strong><\/span> <span class=\"nacimiento\"><strong>1913 - 1992<\/strong><\/span><\/a>\t\t\t\t   \n\t\t\t\t<\/header><!-- .entry-header --> \t \t\t\n\t\t\t\t<div class=\"entry-content\"> \t\t\t\n\t\t\t\t\n\t\t\t\t<\/div><!-- .entry-content --> \t \t\t\n\t\t\t\t \t \t\t\n\t\t\t\t\t<footer class=\"entry-footer\"> \t\t\t\n\t\t\t\t \t\n\t\t\t\t \t\t\n\t\t\t\t\t<\/footer><!-- .entry-footer --> \t \t\n\t\t\t\t<\/article><!-- #post-## -->\n\t\t\t\t\t\t\t\t<article id=\"post-3542\" class=\"hidden post-3542 artista type-artista status-publish has-post-thumbnail hentry artistas-categorias-vanguardias-historiques-en\"> \t\t\n\n\t\t\t\t<div class=\"exposicion-img\">      \t\n\t\t\t\t\t<a class=\"link_subtitle\" href=\"https:\/\/www.saladalmau.com\/en\/artist\/javier-vilato\/\" rel=\"bookmark\"><img width=\"768\" height=\"635\" src=\"https:\/\/www.saladalmau.com\/wp-content\/uploads\/2021\/09\/Javier-Vilato-galeria-de-arte-en-Barcelona-Sala-Dalmau-7329-sd-768x635.jpg\" class=\"attachment-medium_large size-medium_large wp-post-image\" alt=\"\" decoding=\"async\" loading=\"lazy\" srcset=\"https:\/\/www.saladalmau.com\/wp-content\/uploads\/2021\/09\/Javier-Vilato-galeria-de-arte-en-Barcelona-Sala-Dalmau-7329-sd-768x635.jpg 768w, https:\/\/www.saladalmau.com\/wp-content\/uploads\/2021\/09\/Javier-Vilato-galeria-de-arte-en-Barcelona-Sala-Dalmau-7329-sd-150x124.jpg 150w, https:\/\/www.saladalmau.com\/wp-content\/uploads\/2021\/09\/Javier-Vilato-galeria-de-arte-en-Barcelona-Sala-Dalmau-7329-sd-300x248.jpg 300w, https:\/\/www.saladalmau.com\/wp-content\/uploads\/2021\/09\/Javier-Vilato-galeria-de-arte-en-Barcelona-Sala-Dalmau-7329-sd-1024x847.jpg 1024w, https:\/\/www.saladalmau.com\/wp-content\/uploads\/2021\/09\/Javier-Vilato-galeria-de-arte-en-Barcelona-Sala-Dalmau-7329-sd-1100x910.jpg 1100w, https:\/\/www.saladalmau.com\/wp-content\/uploads\/2021\/09\/Javier-Vilato-galeria-de-arte-en-Barcelona-Sala-Dalmau-7329-sd.jpg 1490w\" sizes=\"(max-width: 768px) 100vw, 768px\" \/><\/a> \t\n                <!--script>\n\t\t\t\t\tsrc = jQuery('#post-3542 .exposicion-img img').attr('src');\n\t\t\t\t\tjQuery('<style>#post-3542 .exposicion-img::after{background-image:url('+src+')}<\/style>').appendTo('head');\n\t\t\t\t<\/script-->\n\t\t\t\t<\/div>\n\t\t\t\t<header class=\"entry-header\"> \t\t\t\n\t\t\t\t<h2 class=\"entry-title\"><a href=\"https:\/\/www.saladalmau.com\/en\/artist\/javier-vilato\/\" rel=\"bookmark\">Javier Vilat\u00f3<\/a><\/h2><a class=\"link_subtitle\" href=\"https:\/\/www.saladalmau.com\/en\/artist\/javier-vilato\/\" rel=\"bookmark\"><span class=\"subtitulo\">Barcelona - Par\u00eds<\/span>  <span class=\"expo-fecha\"><strong><\/strong><\/span> <span class=\"nacimiento\"><strong>1921 - 2000<\/strong><\/span><\/a>\t\t\t\t   \n\t\t\t\t<\/header><!-- .entry-header --> \t \t\t\n\t\t\t\t<div class=\"entry-content\"> \t\t\t\n\t\t\t\t\n\t\t\t\t<\/div><!-- .entry-content --> \t \t\t\n\t\t\t\t \t \t\t\n\t\t\t\t\t<footer class=\"entry-footer\"> \t\t\t\n\t\t\t\t \t\n\t\t\t\t \t\t\n\t\t\t\t\t<\/footer><!-- .entry-footer --> \t \t\n\t\t\t\t<\/article><!-- #post-## -->\n\t\t\t\t\t\t\t\t<article id=\"post-3529\" class=\"hidden post-3529 artista type-artista status-publish has-post-thumbnail hentry artistas-categorias-nueva-figuracion-en\"> \t\t\n\n\t\t\t\t<div class=\"exposicion-img\">      \t\n\t\t\t\t\t<a class=\"link_subtitle\" href=\"https:\/\/www.saladalmau.com\/en\/artist\/cristina-escape\/\" rel=\"bookmark\"><img width=\"661\" height=\"800\" src=\"https:\/\/www.saladalmau.com\/wp-content\/uploads\/2016\/09\/Cristina-Esvape-6511-sd.jpg\" class=\"attachment-medium_large size-medium_large wp-post-image\" alt=\"\" decoding=\"async\" loading=\"lazy\" srcset=\"https:\/\/www.saladalmau.com\/wp-content\/uploads\/2016\/09\/Cristina-Esvape-6511-sd.jpg 661w, https:\/\/www.saladalmau.com\/wp-content\/uploads\/2016\/09\/Cristina-Esvape-6511-sd-248x300.jpg 248w\" sizes=\"(max-width: 661px) 100vw, 661px\" \/><\/a> \t\n                <!--script>\n\t\t\t\t\tsrc = jQuery('#post-3529 .exposicion-img img').attr('src');\n\t\t\t\t\tjQuery('<style>#post-3529 .exposicion-img::after{background-image:url('+src+')}<\/style>').appendTo('head');\n\t\t\t\t<\/script-->\n\t\t\t\t<\/div>\n\t\t\t\t<header class=\"entry-header\"> \t\t\t\n\t\t\t\t<h2 class=\"entry-title\"><a href=\"https:\/\/www.saladalmau.com\/en\/artist\/cristina-escape\/\" rel=\"bookmark\">Cristina Escape<\/a><\/h2><a class=\"link_subtitle\" href=\"https:\/\/www.saladalmau.com\/en\/artist\/cristina-escape\/\" rel=\"bookmark\"><span class=\"subtitulo\">Barcelona<\/span>  <span class=\"expo-fecha\"><strong><\/strong><\/span> <span class=\"nacimiento\"><strong>1961<\/strong><\/span><\/a>\t\t\t\t   \n\t\t\t\t<\/header><!-- .entry-header --> \t \t\t\n\t\t\t\t<div class=\"entry-content\"> \t\t\t\n\t\t\t\t\n\t\t\t\t<\/div><!-- .entry-content --> \t \t\t\n\t\t\t\t \t \t\t\n\t\t\t\t\t<footer class=\"entry-footer\"> \t\t\t\n\t\t\t\t \t\n\t\t\t\t \t\t\n\t\t\t\t\t<\/footer><!-- .entry-footer --> \t \t\n\t\t\t\t<\/article><!-- #post-## -->\n\t\t\t\t\t\t\t\t<article id=\"post-6581\" class=\"hidden post-6581 artista type-artista status-publish has-post-thumbnail hentry artistas-categorias-constructivismo-en\"> \t\t\n\n\t\t\t\t<div class=\"exposicion-img\">      \t\n\t\t\t\t\t<a class=\"link_subtitle\" href=\"https:\/\/www.saladalmau.com\/en\/artist\/mauricio-sbarbaro\/\" rel=\"bookmark\"><img width=\"768\" height=\"647\" src=\"https:\/\/www.saladalmau.com\/wp-content\/uploads\/2017\/05\/Sbarbaro-1-768x647.jpg\" class=\"attachment-medium_large size-medium_large wp-post-image\" alt=\"Mauricio Sbarbaro en la Sala Dalmau\" decoding=\"async\" loading=\"lazy\" srcset=\"https:\/\/www.saladalmau.com\/wp-content\/uploads\/2017\/05\/Sbarbaro-1-768x647.jpg 768w, https:\/\/www.saladalmau.com\/wp-content\/uploads\/2017\/05\/Sbarbaro-1-150x126.jpg 150w, https:\/\/www.saladalmau.com\/wp-content\/uploads\/2017\/05\/Sbarbaro-1-300x253.jpg 300w, https:\/\/www.saladalmau.com\/wp-content\/uploads\/2017\/05\/Sbarbaro-1.jpg 1000w\" sizes=\"(max-width: 768px) 100vw, 768px\" \/><\/a> \t\n                <!--script>\n\t\t\t\t\tsrc = jQuery('#post-6581 .exposicion-img img').attr('src');\n\t\t\t\t\tjQuery('<style>#post-6581 .exposicion-img::after{background-image:url('+src+')}<\/style>').appendTo('head');\n\t\t\t\t<\/script-->\n\t\t\t\t<\/div>\n\t\t\t\t<header class=\"entry-header\"> \t\t\t\n\t\t\t\t<h2 class=\"entry-title\"><a href=\"https:\/\/www.saladalmau.com\/en\/artist\/mauricio-sbarbaro\/\" rel=\"bookmark\">Mauricio Sbarbaro<\/a><\/h2><a class=\"link_subtitle\" href=\"https:\/\/www.saladalmau.com\/en\/artist\/mauricio-sbarbaro\/\" rel=\"bookmark\"><span class=\"subtitulo\">Montevideo (Uruguay)<\/span>  <span class=\"expo-fecha\"><strong><\/strong><\/span> <span class=\"nacimiento\"><strong>1960<\/strong><\/span><\/a>\t\t\t\t   \n\t\t\t\t<\/header><!-- .entry-header --> \t \t\t\n\t\t\t\t<div class=\"entry-content\"> \t\t\t\n\t\t\t\t\n\t\t\t\t<\/div><!-- .entry-content --> \t \t\t\n\t\t\t\t \t \t\t\n\t\t\t\t\t<footer class=\"entry-footer\"> \t\t\t\n\t\t\t\t \t\n\t\t\t\t \t\t\n\t\t\t\t\t<\/footer><!-- .entry-footer --> \t \t\n\t\t\t\t<\/article><!-- #post-## -->\n\t\t\t\t\t\t\t\t<article id=\"post-2986\" class=\"hidden post-2986 artista type-artista status-publish has-post-thumbnail hentry artistas-categorias-nueva-figuracion-en\"> \t\t\n\n\t\t\t\t<div class=\"exposicion-img\">      \t\n\t\t\t\t\t<a class=\"link_subtitle\" href=\"https:\/\/www.saladalmau.com\/en\/artist\/lorenzo-gonzalez\/\" rel=\"bookmark\"><img width=\"720\" height=\"478\" src=\"https:\/\/www.saladalmau.com\/wp-content\/uploads\/2016\/09\/Lorenzo-Gonzalez-6042-g.jpg\" class=\"attachment-medium_large size-medium_large wp-post-image\" alt=\"\" decoding=\"async\" loading=\"lazy\" srcset=\"https:\/\/www.saladalmau.com\/wp-content\/uploads\/2016\/09\/Lorenzo-Gonzalez-6042-g.jpg 720w, https:\/\/www.saladalmau.com\/wp-content\/uploads\/2016\/09\/Lorenzo-Gonzalez-6042-g-150x100.jpg 150w, https:\/\/www.saladalmau.com\/wp-content\/uploads\/2016\/09\/Lorenzo-Gonzalez-6042-g-300x199.jpg 300w\" sizes=\"(max-width: 720px) 100vw, 720px\" \/><\/a> \t\n                <!--script>\n\t\t\t\t\tsrc = jQuery('#post-2986 .exposicion-img img').attr('src');\n\t\t\t\t\tjQuery('<style>#post-2986 .exposicion-img::after{background-image:url('+src+')}<\/style>').appendTo('head');\n\t\t\t\t<\/script-->\n\t\t\t\t<\/div>\n\t\t\t\t<header class=\"entry-header\"> \t\t\t\n\t\t\t\t<h2 class=\"entry-title\"><a href=\"https:\/\/www.saladalmau.com\/en\/artist\/lorenzo-gonzalez\/\" rel=\"bookmark\">Lorenzo Gonzalez<\/a><\/h2><a class=\"link_subtitle\" href=\"https:\/\/www.saladalmau.com\/en\/artist\/lorenzo-gonzalez\/\" rel=\"bookmark\"><span class=\"subtitulo\">Medina de Rioseco (Valladolid)<\/span>  <span class=\"expo-fecha\"><strong><\/strong><\/span> <span class=\"nacimiento\"><strong>1943<\/strong><\/span><\/a>\t\t\t\t   \n\t\t\t\t<\/header><!-- .entry-header --> \t \t\t\n\t\t\t\t<div class=\"entry-content\"> \t\t\t\n\t\t\t\t\n\t\t\t\t<\/div><!-- .entry-content --> \t \t\t\n\t\t\t\t \t \t\t\n\t\t\t\t\t<footer class=\"entry-footer\"> \t\t\t\n\t\t\t\t \t\n\t\t\t\t \t\t\n\t\t\t\t\t<\/footer><!-- .entry-footer --> \t \t\n\t\t\t\t<\/article><!-- #post-## -->\n\t\t\t\t\t\t\t\t<article id=\"post-3483\" class=\"hidden post-3483 artista type-artista status-publish has-post-thumbnail hentry artistas-categorias-nueva-figuracion-en\"> \t\t\n\n\t\t\t\t<div class=\"exposicion-img\">      \t\n\t\t\t\t\t<a class=\"link_subtitle\" href=\"https:\/\/www.saladalmau.com\/en\/artist\/jan-van-eden\/\" rel=\"bookmark\"><img width=\"720\" height=\"478\" src=\"https:\/\/www.saladalmau.com\/wp-content\/uploads\/2016\/09\/JAN-VAN-EDEN.jpg\" class=\"attachment-medium_large size-medium_large wp-post-image\" alt=\"\" decoding=\"async\" loading=\"lazy\" srcset=\"https:\/\/www.saladalmau.com\/wp-content\/uploads\/2016\/09\/JAN-VAN-EDEN.jpg 720w, https:\/\/www.saladalmau.com\/wp-content\/uploads\/2016\/09\/JAN-VAN-EDEN-300x199.jpg 300w\" sizes=\"(max-width: 720px) 100vw, 720px\" \/><\/a> \t\n                <!--script>\n\t\t\t\t\tsrc = jQuery('#post-3483 .exposicion-img img').attr('src');\n\t\t\t\t\tjQuery('<style>#post-3483 .exposicion-img::after{background-image:url('+src+')}<\/style>').appendTo('head');\n\t\t\t\t<\/script-->\n\t\t\t\t<\/div>\n\t\t\t\t<header class=\"entry-header\"> \t\t\t\n\t\t\t\t<h2 class=\"entry-title\"><a href=\"https:\/\/www.saladalmau.com\/en\/artist\/jan-van-eden\/\" rel=\"bookmark\">Jan Van Eden<\/a><\/h2><a class=\"link_subtitle\" href=\"https:\/\/www.saladalmau.com\/en\/artist\/jan-van-eden\/\" rel=\"bookmark\"><span class=\"subtitulo\">Voorburg (Holland)<\/span>  <span class=\"expo-fecha\"><strong><\/strong><\/span> <span class=\"nacimiento\"><strong>1942<\/strong><\/span><\/a>\t\t\t\t   \n\t\t\t\t<\/header><!-- .entry-header --> \t \t\t\n\t\t\t\t<div class=\"entry-content\"> \t\t\t\n\t\t\t\t\n\t\t\t\t<\/div><!-- .entry-content --> \t \t\t\n\t\t\t\t \t \t\t\n\t\t\t\t\t<footer class=\"entry-footer\"> \t\t\t\n\t\t\t\t \t\n\t\t\t\t \t\t\n\t\t\t\t\t<\/footer><!-- .entry-footer --> \t \t\n\t\t\t\t<\/article><!-- #post-## -->\n\t\t\t\t\t\t\t\t<article id=\"post-36677\" class=\"hidden post-36677 artista type-artista status-publish has-post-thumbnail hentry\"> \t\t\n\n\t\t\t\t<div class=\"exposicion-img\">      \t\n\t\t\t\t\t<a class=\"link_subtitle\" href=\"https:\/\/www.saladalmau.com\/en\/artist\/the-green-room\/\" rel=\"bookmark\"><img width=\"720\" height=\"478\" src=\"https:\/\/www.saladalmau.com\/wp-content\/uploads\/2023\/03\/3.png\" class=\"attachment-medium_large size-medium_large wp-post-image\" alt=\"\" decoding=\"async\" loading=\"lazy\" srcset=\"https:\/\/www.saladalmau.com\/wp-content\/uploads\/2023\/03\/3.png 720w, https:\/\/www.saladalmau.com\/wp-content\/uploads\/2023\/03\/3-150x100.png 150w, https:\/\/www.saladalmau.com\/wp-content\/uploads\/2023\/03\/3-300x199.png 300w\" sizes=\"(max-width: 720px) 100vw, 720px\" \/><\/a> \t\n                <!--script>\n\t\t\t\t\tsrc = jQuery('#post-36677 .exposicion-img img').attr('src');\n\t\t\t\t\tjQuery('<style>#post-36677 .exposicion-img::after{background-image:url('+src+')}<\/style>').appendTo('head');\n\t\t\t\t<\/script-->\n\t\t\t\t<\/div>\n\t\t\t\t<header class=\"entry-header\"> \t\t\t\n\t\t\t\t<h2 class=\"entry-title\"><a href=\"https:\/\/www.saladalmau.com\/en\/artist\/the-green-room\/\" rel=\"bookmark\">The Green Room<\/a><\/h2><a class=\"link_subtitle\" href=\"https:\/\/www.saladalmau.com\/en\/artist\/the-green-room\/\" rel=\"bookmark\"><span class=\"subtitulo\">New virtual space. You collection begins here.<\/span>  <span class=\"expo-fecha\"><strong><\/strong><\/span> <span class=\"nacimiento\"><strong><\/strong><\/span><\/a>\t\t\t\t   \n\t\t\t\t<\/header><!-- .entry-header --> \t \t\t\n\t\t\t\t<div class=\"entry-content\"> \t\t\t\n\t\t\t\t\n\t\t\t\t<\/div><!-- .entry-content --> \t \t\t\n\t\t\t\t \t \t\t\n\t\t\t\t\t<footer class=\"entry-footer\"> \t\t\t\n\t\t\t\t \t\n\t\t\t\t \t\t\n\t\t\t\t\t<\/footer><!-- .entry-footer --> \t \t\n\t\t\t\t<\/article><!-- #post-## -->\n\t\t\t\t[\/vc_column_text][\/vc_column][\/vc_row][vc_row content_aligment=&#8221;center&#8221;][vc_column]<a href=\"#\" target=\"_self\" style=\"color: #ffffff;background-color: #333333;border-color: #333333;font-size: 16px;font-weight: 600;margin: 30px auto;padding: 10px 40px\" class=\"edgtf-btn edgtf-btn-huge edgtf-btn-solid edgtf-btn-custom-hover-bg edgtf-btn-custom-border-hover btn-ver_mas\" data-hover-bg-color=\"rgba(51,51,51,0.8)\" data-hover-border-color=\"#333333\" >\n   \t        \t<span class=\"edgtf-btn-text\">See more<\/span>\n        <\/a>[vc_raw_js]JTNDc2NyaXB0JTIwdHlwZSUzRCUyMnRleHQlMkZqYXZhc2NyaXB0JTIyJTNFJTIwJTBBJTIwJTIwJTIwalF1ZXJ5JTI4JTI3LmJ0bi12ZXJfbWFzJTI3JTI5LnJlbW92ZUF0dHIlMjglMjdocmVmJTI3JTI5JTNCJTBBJTIwJTIwJTIwalF1ZXJ5JTI4JTI3LmJ0bi12ZXJfbWFzJTI3JTI5LmNsaWNrJTI4ZnVuY3Rpb24lMjglMjklN0IlMEElMjAlMjAlMjAlMjAlMjAlMjAlMjAlMjBqUXVlcnklMjglMjcuaGlkZGVuJTI3JTI5LnJlbW92ZUNsYXNzJTI4JTI3aGlkZGVuJTI3JTI5JTNCJTBBJTIwJTIwJTIwJTIwJTIwJTIwJTIwJTIwalF1ZXJ5JTI4JTI3LmhpZGRlbiUyNyUyOS5oaWRlJTI4JTI5JTNCJTBBJTIwJTIwJTIwJTIwJTIwJTIwJTIwJTIwalF1ZXJ5JTI4JTI3LmhpZGRlbiUyNyUyOS5zbGlkZURvd24lMjglMjklM0IlMEElMjAlMjAlMjAlMjAlMjAlMjAlMjAlMjBqUXVlcnklMjh0aGlzJTI5LmhpZGUlMjglMjklM0IlMEElN0QlMjklM0IlMEElMEFpZiUyMCUyOGpRdWVyeSUyOCUyN2FydGljbGUlMjclMjkubGVuZ3RoJTIwJTNDJTIwOSUyOSU3QiUwQSUyMCUyMCUyMCUyMCUyMGpRdWVyeSUyOCUyNy5idG4tdmVyX21hcyUyNyUyOS5oaWRlJTI4JTI5JTNCJTBBJTdEJTBBJTNDJTJGc2NyaXB0JTNF[\/vc_raw_js][\/vc_column][\/vc_row]<\/p>\n<\/section>","protected":false},"excerpt":{"rendered":"<p>[vc_row][vc_column][vc_column_text][\/vc_column_text][\/vc_column][\/vc_row][vc_row][vc_column][vc_column_text][\/vc_column_text][\/vc_column][\/vc_row][vc_row content_aligment=&#8221;center&#8221;][vc_column][vc_raw_js]JTNDc2NyaXB0JTIwdHlwZSUzRCUyMnRleHQlMkZqYXZhc2NyaXB0JTIyJTNFJTIwJTBBJTIwJTIwJTIwalF1ZXJ5JTI4JTI3LmJ0bi12ZXJfbWFzJTI3JTI5LnJlbW92ZUF0dHIlMjglMjdocmVmJTI3JTI5JTNCJTBBJTIwJTIwJTIwalF1ZXJ5JTI4JTI3LmJ0bi12ZXJfbWFzJTI3JTI5LmNsaWNrJTI4ZnVuY3Rpb24lMjglMjklN0IlMEElMjAlMjAlMjAlMjAlMjAlMjAlMjAlMjBqUXVlcnklMjglMjcuaGlkZGVuJTI3JTI5LnJlbW92ZUNsYXNzJTI4JTI3aGlkZGVuJTI3JTI5JTNCJTBBJTIwJTIwJTIwJTIwJTIwJTIwJTIwJTIwalF1ZXJ5JTI4JTI3LmhpZGRlbiUyNyUyOS5oaWRlJTI4JTI5JTNCJTBBJTIwJTIwJTIwJTIwJTIwJTIwJTIwJTIwalF1ZXJ5JTI4JTI3LmhpZGRlbiUyNyUyOS5zbGlkZURvd24lMjglMjklM0IlMEElMjAlMjAlMjAlMjAlMjAlMjAlMjAlMjBqUXVlcnklMjh0aGlzJTI5LmhpZGUlMjglMjklM0IlMEElN0QlMjklM0IlMEElMEFpZiUyMCUyOGpRdWVyeSUyOCUyN2FydGljbGUlMjclMjkubGVuZ3RoJTIwJTNDJTIwOSUyOSU3QiUwQSUyMCUyMCUyMCUyMCUyMGpRdWVyeSUyOCUyNy5idG4tdmVyX21hcyUyNyUyOS5oaWRlJTI4JTI5JTNCJTBBJTdEJTBBJTNDJTJGc2NyaXB0JTNF[\/vc_raw_js][\/vc_column][\/vc_row]<\/p>\n","protected":false},"author":2,"featured_media":0,"parent":0,"menu_order":0,"comment_status":"closed","ping_status":"closed","template":"","meta":[],"acf":[],"_links":{"self":[{"href":"https:\/\/www.saladalmau.com\/en\/wp-json\/wp\/v2\/pages\/262"}],"collection":[{"href":"https:\/\/www.saladalmau.com\/en\/wp-json\/wp\/v2\/pages"}],"about":[{"href":"https:\/\/www.saladalmau.com\/en\/wp-json\/wp\/v2\/types\/page"}],"author":[{"embeddable":true,"href":"https:\/\/www.saladalmau.com\/en\/wp-json\/wp\/v2\/users\/2"}],"replies":[{"embeddable":true,"href":"https:\/\/www.saladalmau.com\/en\/wp-json\/wp\/v2\/comments?post=262"}],"version-history":[{"count":9,"href":"https:\/\/www.saladalmau.com\/en\/wp-json\/wp\/v2\/pages\/262\/revisions"}],"predecessor-version":[{"id":5047,"href":"https:\/\/www.saladalmau.com\/en\/wp-json\/wp\/v2\/pages\/262\/revisions\/5047"}],"wp:attachment":[{"href":"https:\/\/www.saladalmau.com\/en\/wp-json\/wp\/v2\/media?parent=262"}],"curies":[{"name":"wp","href":"https:\/\/api.w.org\/{rel}","templated":true}]}}